{"id":87355,"date":"2022-01-10T18:15:15","date_gmt":"2022-01-10T17:15:15","guid":{"rendered":"http:\/\/www.czechspaceweek.com.uvirt135.active24.cz\/news\/"},"modified":"2023-09-26T22:48:02","modified_gmt":"2023-09-26T20:48:02","slug":"news","status":"publish","type":"page","link":"https:\/\/www.czechspaceweek.com\/en\/news\/","title":{"rendered":"News"},"content":{"rendered":"\t\t<div data-elementor-type=\"wp-page\" data-elementor-id=\"87355\" class=\"elementor elementor-87355 elementor-57498\" data-elementor-post-type=\"page\">\n\t\t\t\t\t\t<section class=\"elementor-section elementor-top-section elementor-element elementor-element-be39138 elementor-section-boxed elementor-section-height-default elementor-section-height-default\" data-id=\"be39138\" data-element_type=\"section\" data-e-type=\"section\">\n\t\t\t\t\t\t<div class=\"elementor-container elementor-column-gap-wide\">\n\t\t\t\t\t<div class=\"elementor-column elementor-col-100 elementor-top-column elementor-element elementor-element-37037ba\" data-id=\"37037ba\" data-element_type=\"column\" data-e-type=\"column\">\n\t\t\t<div class=\"elementor-widget-wrap elementor-element-populated\">\n\t\t\t\t\t\t<div class=\"elementor-element elementor-element-c090e29 elementor-widget elementor-widget-heading\" data-id=\"c090e29\" data-element_type=\"widget\" data-e-type=\"widget\" data-widget_type=\"heading.default\">\n\t\t\t\t<div class=\"elementor-widget-container\">\n\t\t\t\t\t<h3 class=\"elementor-heading-title elementor-size-default\"><h3 style=\"font-style: normal;font-weight: var( --e-global-typography-el_title_2-font-weight );font-size: var( --e-global-typography-el_title_2-font-size );line-height: var( --e-global-typography-el_title_2-line-height );font-family: Sora, sans-serif;text-transform: none;letter-spacing: normal\">Latest news and articles from the world of space<\/h3><\/h3>\t\t\t\t<\/div>\n\t\t\t\t<\/div>\n\t\t\t\t\t<\/div>\n\t\t<\/div>\n\t\t\t\t\t<\/div>\n\t\t<\/section>\n\t\t\t\t<section class=\"elementor-section elementor-top-section elementor-element elementor-element-76b280a elementor-section-boxed elementor-section-height-default elementor-section-height-default\" data-id=\"76b280a\" data-element_type=\"section\" data-e-type=\"section\">\n\t\t\t\t\t\t<div class=\"elementor-container elementor-column-gap-wide\">\n\t\t\t\t\t<div class=\"elementor-column elementor-col-100 elementor-top-column elementor-element elementor-element-8dc9837\" data-id=\"8dc9837\" data-element_type=\"column\" data-e-type=\"column\">\n\t\t\t<div class=\"elementor-widget-wrap elementor-element-populated\">\n\t\t\t\t\t\t<div class=\"elementor-element elementor-element-28913ba elementor-widget elementor-widget-the7-taxonomy-filter\" data-id=\"28913ba\" data-element_type=\"widget\" data-e-type=\"widget\" data-widget_type=\"the7-taxonomy-filter.default\">\n\t\t\t\t<div class=\"elementor-widget-container\">\n\t\t\t\t\t<div class=\"filter-decorations without-isotope filter filter-pointer-underline filter-animation-fade\"><div class=\"filter-categories\"><a href=\"\/en\/wp-json\/wp\/v2\/pages\/87355\" class=\"show-all filter-item act\">All<\/a><a class=\"filter-item\" href=\"\/en\/wp-json\/wp\/v2\/pages\/87355?taxonomy=category&#038;term=czech-space-week-en\" data-filter=\".category-276\">Czech Space Week<\/a><a class=\"filter-item\" href=\"\/en\/wp-json\/wp\/v2\/pages\/87355?taxonomy=category&#038;term=events\" data-filter=\".category-274\">Events<\/a><a class=\"filter-item\" href=\"\/en\/wp-json\/wp\/v2\/pages\/87355?taxonomy=category&#038;term=podcasts\" data-filter=\".category-280\">Podcasts<\/a><a class=\"filter-item\" href=\"\/en\/wp-json\/wp\/v2\/pages\/87355?taxonomy=category&#038;term=topstory-en\" data-filter=\".category-282\">TOPSTORY<\/a><\/div><\/div>\t\t\t\t<\/div>\n\t\t\t\t<\/div>\n\t\t\t\t<div class=\"elementor-element elementor-element-8b67985 image-vertical-align-center icon-box-vertical-align-center img-align-mobile-top img-align-left preserve-img-ratio-cover slide-h-position-left elementor-widget elementor-widget-the7-elements-simple-posts\" data-id=\"8b67985\" data-element_type=\"widget\" data-e-type=\"widget\" data-widget_type=\"the7-elements-simple-posts.default\">\n\t\t\t\t<div class=\"elementor-widget-container\">\n\t\t\t\t\t<div class=\"the7-simple-widget-posts the7-elementor-widget the7-elements-simple-posts-8b67985 jquery-filter jquery-filter\" data-post-limit=\"12\" data-pagination-mode=\"load-more\" data-scroll-offset=\"\" aria-live=\"assertive\">\t\t\t<div class=\"dt-css-grid custom-pagination-handler\" data-columns=\"{&quot;d&quot;:2,&quot;t&quot;:1,&quot;p&quot;:1,&quot;wd&quot;:&quot;&quot;}\">\n\t\t\t\t\t\t\t\t\t<div class=\"wf-cell visible \">\n\t\t\t\t\t\t<article class=\"post visible wrapper post-88324 type-post status-publish format-standard has-post-thumbnail hentry category-czech-space-week-en category-events category-276 category-274 description-off\">\n\n\t\t\t\t\t\t\t<div class=\"post-content-wrapper\">\n\t\t\t\t\t\t\t\t\t\t\t\t\t\t\t\t\t<div class=\"the7-simple-post-thumb\">\n\t\t\t\t\t\t\t\t\t\t<a class=\"post-thumbnail-rollover layzr-bg img-css-resize-wrapper\" aria-label=\"Post image\" href=\"https:\/\/www.czechspaceweek.com\/en\/save-the-date-for-czech-space-week-2024\/\"><img fetchpriority=\"high\" decoding=\"async\" width=\"1080\" height=\"1080\" src=\"data:image\/svg+xml,%3Csvg%20xmlns%3D&#039;http%3A%2F%2Fwww.w3.org%2F2000%2Fsvg&#039;%20viewBox%3D&#039;0%200%201080%201080&#039;%2F%3E\" class=\"attachment-full size-full preload-me aspect lazy lazy-load\" alt=\"\" sizes=\"(max-width: 1080px) 100vw, 1080px\" style=\"--ratio: 1080 \/ 1080;\" data-src=\"https:\/\/www.czechspaceweek.com\/wp-content\/uploads\/2024\/04\/Save_the_date_1080x1080.png\" loading=\"eager\" data-srcset=\"https:\/\/www.czechspaceweek.com\/wp-content\/uploads\/2024\/04\/Save_the_date_1080x1080.png 1080w, https:\/\/www.czechspaceweek.com\/wp-content\/uploads\/2024\/04\/Save_the_date_1080x1080-300x300.png 300w, https:\/\/www.czechspaceweek.com\/wp-content\/uploads\/2024\/04\/Save_the_date_1080x1080-1024x1024.png 1024w, https:\/\/www.czechspaceweek.com\/wp-content\/uploads\/2024\/04\/Save_the_date_1080x1080-150x150.png 150w, https:\/\/www.czechspaceweek.com\/wp-content\/uploads\/2024\/04\/Save_the_date_1080x1080-768x768.png 768w, https:\/\/www.czechspaceweek.com\/wp-content\/uploads\/2024\/04\/Save_the_date_1080x1080-500x500.png 500w\" \/><span class=\"the7-hover-icon\"><svg xmlns=\"http:\/\/www.w3.org\/2000\/svg\" viewBox=\"0 0 24 24\" width=\"24\" height=\"24\"><path fill=\"none\" d=\"M0 0h24v24H0z\"><\/path><path d=\"M5 10c-1.1 0-2 .9-2 2s.9 2 2 2 2-.9 2-2-.9-2-2-2zm14 0c-1.1 0-2 .9-2 2s.9 2 2 2 2-.9 2-2-.9-2-2-2zm-7 0c-1.1 0-2 .9-2 2s.9 2 2 2 2-.9 2-2-.9-2-2-2z\"><\/path><\/svg><\/span><\/a>\t\t\t\t\t\t\t\t\t<\/div>\n\t\t\t\t\t\t\t\t\t\t\t\t\t\t\t\t<div class=\"post-entry-content\">\n\t\t\t\t\t\t\t\t\t<h5 class=\"heading\"><a href=\"https:\/\/www.czechspaceweek.com\/en\/save-the-date-for-czech-space-week-2024\/\" rel=\"bookmark\" title=\"Save the date for Czech Space Week 2024!\" class=\"post-title\">Save the date for Czech Space Week 2024!<\/a><\/h5><div class=\"entry-meta\"><span class=\"meta-item category-link\"><a href=\"https:\/\/www.czechspaceweek.com\/en\/rubriky\/czech-space-week-en\/\" rel=\"tag\">Czech Space Week<\/a>, <a href=\"https:\/\/www.czechspaceweek.com\/en\/rubriky\/events\/\" rel=\"tag\">Events<\/a><\/span><span class=\"meta-item data-link\"><time class=\"entry-date updated\" datetime=\"2024-04-05T18:28:11+02:00\">5. 4. 2024<\/time><\/span><\/div><a href=\"https:\/\/www.czechspaceweek.com\/en\/save-the-date-for-czech-space-week-2024\/\" target=\"\" aria-label=\"Read more about Save the date for Czech Space Week 2024!\" class=\"box-button elementor-button elementor-size-sm\">To the article<svg xmlns=\"http:\/\/www.w3.org\/2000\/svg\" viewBox=\"0 0 24 24\" width=\"24\" height=\"24\"><path fill=\"none\" d=\"M0 0h24v24H0z\"><\/path><path d=\"M16.172 11l-5.364-5.364 1.414-1.414L20 12l-7.778 7.778-1.414-1.414L16.172 13H4v-2z\"><\/path><\/svg><\/a>\t\t\t\t\t\t\t\t<\/div>\n\t\t\t\t\t\t\t<\/div>\n\t\t\t\t\t\t<\/article>\n\t\t\t\t\t<\/div>\t\t\t\t\t\t\t\t\t\t<div class=\"wf-cell visible \">\n\t\t\t\t\t\t<article class=\"post visible wrapper post-88077 type-post status-publish format-standard has-post-thumbnail hentry category-czech-space-week-en category-276 description-off\">\n\n\t\t\t\t\t\t\t<div class=\"post-content-wrapper\">\n\t\t\t\t\t\t\t\t\t\t\t\t\t\t\t\t\t<div class=\"the7-simple-post-thumb\">\n\t\t\t\t\t\t\t\t\t\t<a class=\"post-thumbnail-rollover layzr-bg img-css-resize-wrapper\" aria-label=\"Post image\" href=\"https:\/\/www.czechspaceweek.com\/en\/atc-space\/\"><img decoding=\"async\" width=\"2560\" height=\"1494\" src=\"data:image\/svg+xml,%3Csvg%20xmlns%3D&#039;http%3A%2F%2Fwww.w3.org%2F2000%2Fsvg&#039;%20viewBox%3D&#039;0%200%202560%201494&#039;%2F%3E\" class=\"attachment-full size-full preload-me aspect lazy lazy-load\" alt=\"\" sizes=\"(max-width: 2560px) 100vw, 2560px\" style=\"--ratio: 2560 \/ 1494;\" data-src=\"https:\/\/www.czechspaceweek.com\/wp-content\/uploads\/2023\/11\/ATC-scaled.jpeg\" loading=\"eager\" data-srcset=\"https:\/\/www.czechspaceweek.com\/wp-content\/uploads\/2023\/11\/ATC-scaled.jpeg 2560w, https:\/\/www.czechspaceweek.com\/wp-content\/uploads\/2023\/11\/ATC-300x175.jpeg 300w, https:\/\/www.czechspaceweek.com\/wp-content\/uploads\/2023\/11\/ATC-1024x598.jpeg 1024w, https:\/\/www.czechspaceweek.com\/wp-content\/uploads\/2023\/11\/ATC-768x448.jpeg 768w, https:\/\/www.czechspaceweek.com\/wp-content\/uploads\/2023\/11\/ATC-1536x897.jpeg 1536w, https:\/\/www.czechspaceweek.com\/wp-content\/uploads\/2023\/11\/ATC-2048x1196.jpeg 2048w\" \/><span class=\"the7-hover-icon\"><svg xmlns=\"http:\/\/www.w3.org\/2000\/svg\" viewBox=\"0 0 24 24\" width=\"24\" height=\"24\"><path fill=\"none\" d=\"M0 0h24v24H0z\"><\/path><path d=\"M5 10c-1.1 0-2 .9-2 2s.9 2 2 2 2-.9 2-2-.9-2-2-2zm14 0c-1.1 0-2 .9-2 2s.9 2 2 2 2-.9 2-2-.9-2-2-2zm-7 0c-1.1 0-2 .9-2 2s.9 2 2 2 2-.9 2-2-.9-2-2-2z\"><\/path><\/svg><\/span><\/a>\t\t\t\t\t\t\t\t\t<\/div>\n\t\t\t\t\t\t\t\t\t\t\t\t\t\t\t\t<div class=\"post-entry-content\">\n\t\t\t\t\t\t\t\t\t<h5 class=\"heading\"><a href=\"https:\/\/www.czechspaceweek.com\/en\/atc-space\/\" rel=\"bookmark\" title=\"ATC Space\" class=\"post-title\">ATC Space<\/a><\/h5><div class=\"entry-meta\"><span class=\"meta-item category-link\"><a href=\"https:\/\/www.czechspaceweek.com\/en\/rubriky\/czech-space-week-en\/\" rel=\"tag\">Czech Space Week<\/a><\/span><span class=\"meta-item data-link\"><time class=\"entry-date updated\" datetime=\"2023-11-23T11:18:34+01:00\">23. 11. 2023<\/time><\/span><\/div><a href=\"https:\/\/www.czechspaceweek.com\/en\/atc-space\/\" target=\"\" aria-label=\"Read more about ATC Space\" class=\"box-button elementor-button elementor-size-sm\">To the article<svg xmlns=\"http:\/\/www.w3.org\/2000\/svg\" viewBox=\"0 0 24 24\" width=\"24\" height=\"24\"><path fill=\"none\" d=\"M0 0h24v24H0z\"><\/path><path d=\"M16.172 11l-5.364-5.364 1.414-1.414L20 12l-7.778 7.778-1.414-1.414L16.172 13H4v-2z\"><\/path><\/svg><\/a>\t\t\t\t\t\t\t\t<\/div>\n\t\t\t\t\t\t\t<\/div>\n\t\t\t\t\t\t<\/article>\n\t\t\t\t\t<\/div>\t\t\t\t\t\t\t\t\t\t<div class=\"wf-cell visible \">\n\t\t\t\t\t\t<article class=\"post visible wrapper post-88048 type-post status-publish format-standard has-post-thumbnail hentry category-czech-space-week-en category-276 description-off\">\n\n\t\t\t\t\t\t\t<div class=\"post-content-wrapper\">\n\t\t\t\t\t\t\t\t\t\t\t\t\t\t\t\t\t<div class=\"the7-simple-post-thumb\">\n\t\t\t\t\t\t\t\t\t\t<a class=\"post-thumbnail-rollover layzr-bg img-css-resize-wrapper\" aria-label=\"Post image\" href=\"https:\/\/www.czechspaceweek.com\/en\/vzlu\/\"><img decoding=\"async\" width=\"3840\" height=\"2160\" src=\"data:image\/svg+xml,%3Csvg%20xmlns%3D&#039;http%3A%2F%2Fwww.w3.org%2F2000%2Fsvg&#039;%20viewBox%3D&#039;0%200%203840%202160&#039;%2F%3E\" class=\"attachment-full size-full preload-me aspect lazy lazy-load\" alt=\"\" sizes=\"(max-width: 3840px) 100vw, 3840px\" style=\"--ratio: 3840 \/ 2160;\" data-src=\"https:\/\/www.czechspaceweek.com\/wp-content\/uploads\/2023\/11\/AMBIC-1-CZ.png\" loading=\"eager\" data-srcset=\"https:\/\/www.czechspaceweek.com\/wp-content\/uploads\/2023\/11\/AMBIC-1-CZ.png 3840w, https:\/\/www.czechspaceweek.com\/wp-content\/uploads\/2023\/11\/AMBIC-1-CZ-300x169.png 300w, https:\/\/www.czechspaceweek.com\/wp-content\/uploads\/2023\/11\/AMBIC-1-CZ-1024x576.png 1024w, https:\/\/www.czechspaceweek.com\/wp-content\/uploads\/2023\/11\/AMBIC-1-CZ-768x432.png 768w, https:\/\/www.czechspaceweek.com\/wp-content\/uploads\/2023\/11\/AMBIC-1-CZ-1536x864.png 1536w, https:\/\/www.czechspaceweek.com\/wp-content\/uploads\/2023\/11\/AMBIC-1-CZ-2048x1152.png 2048w\" \/><span class=\"the7-hover-icon\"><svg xmlns=\"http:\/\/www.w3.org\/2000\/svg\" viewBox=\"0 0 24 24\" width=\"24\" height=\"24\"><path fill=\"none\" d=\"M0 0h24v24H0z\"><\/path><path d=\"M5 10c-1.1 0-2 .9-2 2s.9 2 2 2 2-.9 2-2-.9-2-2-2zm14 0c-1.1 0-2 .9-2 2s.9 2 2 2 2-.9 2-2-.9-2-2-2zm-7 0c-1.1 0-2 .9-2 2s.9 2 2 2 2-.9 2-2-.9-2-2-2z\"><\/path><\/svg><\/span><\/a>\t\t\t\t\t\t\t\t\t<\/div>\n\t\t\t\t\t\t\t\t\t\t\t\t\t\t\t\t<div class=\"post-entry-content\">\n\t\t\t\t\t\t\t\t\t<h5 class=\"heading\"><a href=\"https:\/\/www.czechspaceweek.com\/en\/vzlu\/\" rel=\"bookmark\" title=\"VZL\u00da\" class=\"post-title\">VZL\u00da<\/a><\/h5><div class=\"entry-meta\"><span class=\"meta-item category-link\"><a href=\"https:\/\/www.czechspaceweek.com\/en\/rubriky\/czech-space-week-en\/\" rel=\"tag\">Czech Space Week<\/a><\/span><span class=\"meta-item data-link\"><time class=\"entry-date updated\" datetime=\"2023-11-22T13:37:19+01:00\">22. 11. 2023<\/time><\/span><\/div><a href=\"https:\/\/www.czechspaceweek.com\/en\/vzlu\/\" target=\"\" aria-label=\"Read more about VZL\u00da\" class=\"box-button elementor-button elementor-size-sm\">To the article<svg xmlns=\"http:\/\/www.w3.org\/2000\/svg\" viewBox=\"0 0 24 24\" width=\"24\" height=\"24\"><path fill=\"none\" d=\"M0 0h24v24H0z\"><\/path><path d=\"M16.172 11l-5.364-5.364 1.414-1.414L20 12l-7.778 7.778-1.414-1.414L16.172 13H4v-2z\"><\/path><\/svg><\/a>\t\t\t\t\t\t\t\t<\/div>\n\t\t\t\t\t\t\t<\/div>\n\t\t\t\t\t\t<\/article>\n\t\t\t\t\t<\/div>\t\t\t\t\t\t\t\t\t\t<div class=\"wf-cell visible \">\n\t\t\t\t\t\t<article class=\"post visible wrapper post-88004 type-post status-publish format-standard has-post-thumbnail hentry category-czech-space-week-en category-276 description-off\">\n\n\t\t\t\t\t\t\t<div class=\"post-content-wrapper\">\n\t\t\t\t\t\t\t\t\t\t\t\t\t\t\t\t\t<div class=\"the7-simple-post-thumb\">\n\t\t\t\t\t\t\t\t\t\t<a class=\"post-thumbnail-rollover layzr-bg img-css-resize-wrapper\" aria-label=\"Post image\" href=\"https:\/\/www.czechspaceweek.com\/en\/czech-space-alliance\/\"><img decoding=\"async\" width=\"1920\" height=\"1080\" src=\"data:image\/svg+xml,%3Csvg%20xmlns%3D&#039;http%3A%2F%2Fwww.w3.org%2F2000%2Fsvg&#039;%20viewBox%3D&#039;0%200%201920%201080&#039;%2F%3E\" class=\"attachment-full size-full preload-me aspect lazy lazy-load\" alt=\"\" sizes=\"(max-width: 1920px) 100vw, 1920px\" style=\"--ratio: 1920 \/ 1080;\" data-src=\"https:\/\/www.czechspaceweek.com\/wp-content\/uploads\/2023\/11\/Revealing_the_design-600x338-1.jpg\" loading=\"eager\" data-srcset=\"https:\/\/www.czechspaceweek.com\/wp-content\/uploads\/2023\/11\/Revealing_the_design-600x338-1.jpg 1920w, https:\/\/www.czechspaceweek.com\/wp-content\/uploads\/2023\/11\/Revealing_the_design-600x338-1-300x169.jpg 300w, https:\/\/www.czechspaceweek.com\/wp-content\/uploads\/2023\/11\/Revealing_the_design-600x338-1-1024x576.jpg 1024w, https:\/\/www.czechspaceweek.com\/wp-content\/uploads\/2023\/11\/Revealing_the_design-600x338-1-768x432.jpg 768w, https:\/\/www.czechspaceweek.com\/wp-content\/uploads\/2023\/11\/Revealing_the_design-600x338-1-1536x864.jpg 1536w\" \/><span class=\"the7-hover-icon\"><svg xmlns=\"http:\/\/www.w3.org\/2000\/svg\" viewBox=\"0 0 24 24\" width=\"24\" height=\"24\"><path fill=\"none\" d=\"M0 0h24v24H0z\"><\/path><path d=\"M5 10c-1.1 0-2 .9-2 2s.9 2 2 2 2-.9 2-2-.9-2-2-2zm14 0c-1.1 0-2 .9-2 2s.9 2 2 2 2-.9 2-2-.9-2-2-2zm-7 0c-1.1 0-2 .9-2 2s.9 2 2 2 2-.9 2-2-.9-2-2-2z\"><\/path><\/svg><\/span><\/a>\t\t\t\t\t\t\t\t\t<\/div>\n\t\t\t\t\t\t\t\t\t\t\t\t\t\t\t\t<div class=\"post-entry-content\">\n\t\t\t\t\t\t\t\t\t<h5 class=\"heading\"><a href=\"https:\/\/www.czechspaceweek.com\/en\/czech-space-alliance\/\" rel=\"bookmark\" title=\"Czech Space Alliance\" class=\"post-title\">Czech Space Alliance<\/a><\/h5><div class=\"entry-meta\"><span class=\"meta-item category-link\"><a href=\"https:\/\/www.czechspaceweek.com\/en\/rubriky\/czech-space-week-en\/\" rel=\"tag\">Czech Space Week<\/a><\/span><span class=\"meta-item data-link\"><time class=\"entry-date updated\" datetime=\"2023-11-14T13:20:59+01:00\">14. 11. 2023<\/time><\/span><\/div><a href=\"https:\/\/www.czechspaceweek.com\/en\/czech-space-alliance\/\" target=\"\" aria-label=\"Read more about Czech Space Alliance\" class=\"box-button elementor-button elementor-size-sm\">To the article<svg xmlns=\"http:\/\/www.w3.org\/2000\/svg\" viewBox=\"0 0 24 24\" width=\"24\" height=\"24\"><path fill=\"none\" d=\"M0 0h24v24H0z\"><\/path><path d=\"M16.172 11l-5.364-5.364 1.414-1.414L20 12l-7.778 7.778-1.414-1.414L16.172 13H4v-2z\"><\/path><\/svg><\/a>\t\t\t\t\t\t\t\t<\/div>\n\t\t\t\t\t\t\t<\/div>\n\t\t\t\t\t\t<\/article>\n\t\t\t\t\t<\/div>\t\t\t\t\t\t\t\t\t\t<div class=\"wf-cell visible \">\n\t\t\t\t\t\t<article class=\"post visible wrapper post-87997 type-post status-publish format-standard has-post-thumbnail hentry category-czech-space-week-en category-276 description-off\">\n\n\t\t\t\t\t\t\t<div class=\"post-content-wrapper\">\n\t\t\t\t\t\t\t\t\t\t\t\t\t\t\t\t\t<div class=\"the7-simple-post-thumb\">\n\t\t\t\t\t\t\t\t\t\t<a class=\"post-thumbnail-rollover layzr-bg img-css-resize-wrapper\" aria-label=\"Post image\" href=\"https:\/\/www.czechspaceweek.com\/en\/brno-space-cluster\/\"><img decoding=\"async\" width=\"1024\" height=\"587\" src=\"data:image\/svg+xml,%3Csvg%20xmlns%3D&#039;http%3A%2F%2Fwww.w3.org%2F2000%2Fsvg&#039;%20viewBox%3D&#039;0%200%201024%20587&#039;%2F%3E\" class=\"attachment-full size-full preload-me aspect lazy lazy-load\" alt=\"\" sizes=\"(max-width: 1024px) 100vw, 1024px\" style=\"--ratio: 1024 \/ 587;\" data-src=\"https:\/\/www.czechspaceweek.com\/wp-content\/uploads\/2023\/11\/home-8-rev-img-1-1-1024x587-1.jpg\" loading=\"eager\" data-srcset=\"https:\/\/www.czechspaceweek.com\/wp-content\/uploads\/2023\/11\/home-8-rev-img-1-1-1024x587-1.jpg 1024w, https:\/\/www.czechspaceweek.com\/wp-content\/uploads\/2023\/11\/home-8-rev-img-1-1-1024x587-1-300x172.jpg 300w, https:\/\/www.czechspaceweek.com\/wp-content\/uploads\/2023\/11\/home-8-rev-img-1-1-1024x587-1-768x440.jpg 768w\" \/><span class=\"the7-hover-icon\"><svg xmlns=\"http:\/\/www.w3.org\/2000\/svg\" viewBox=\"0 0 24 24\" width=\"24\" height=\"24\"><path fill=\"none\" d=\"M0 0h24v24H0z\"><\/path><path d=\"M5 10c-1.1 0-2 .9-2 2s.9 2 2 2 2-.9 2-2-.9-2-2-2zm14 0c-1.1 0-2 .9-2 2s.9 2 2 2 2-.9 2-2-.9-2-2-2zm-7 0c-1.1 0-2 .9-2 2s.9 2 2 2 2-.9 2-2-.9-2-2-2z\"><\/path><\/svg><\/span><\/a>\t\t\t\t\t\t\t\t\t<\/div>\n\t\t\t\t\t\t\t\t\t\t\t\t\t\t\t\t<div class=\"post-entry-content\">\n\t\t\t\t\t\t\t\t\t<h5 class=\"heading\"><a href=\"https:\/\/www.czechspaceweek.com\/en\/brno-space-cluster\/\" rel=\"bookmark\" title=\"Brno Space Cluster\" class=\"post-title\">Brno Space Cluster<\/a><\/h5><div class=\"entry-meta\"><span class=\"meta-item category-link\"><a href=\"https:\/\/www.czechspaceweek.com\/en\/rubriky\/czech-space-week-en\/\" rel=\"tag\">Czech Space Week<\/a><\/span><span class=\"meta-item data-link\"><time class=\"entry-date updated\" datetime=\"2023-11-14T13:14:25+01:00\">14. 11. 2023<\/time><\/span><\/div><a href=\"https:\/\/www.czechspaceweek.com\/en\/brno-space-cluster\/\" target=\"\" aria-label=\"Read more about Brno Space Cluster\" class=\"box-button elementor-button elementor-size-sm\">To the article<svg xmlns=\"http:\/\/www.w3.org\/2000\/svg\" viewBox=\"0 0 24 24\" width=\"24\" height=\"24\"><path fill=\"none\" d=\"M0 0h24v24H0z\"><\/path><path d=\"M16.172 11l-5.364-5.364 1.414-1.414L20 12l-7.778 7.778-1.414-1.414L16.172 13H4v-2z\"><\/path><\/svg><\/a>\t\t\t\t\t\t\t\t<\/div>\n\t\t\t\t\t\t\t<\/div>\n\t\t\t\t\t\t<\/article>\n\t\t\t\t\t<\/div>\t\t\t\t\t\t\t\t\t\t<div class=\"wf-cell visible \">\n\t\t\t\t\t\t<article class=\"post visible wrapper post-87996 type-post status-publish format-standard has-post-thumbnail hentry category-czech-space-week-en category-276 description-off\">\n\n\t\t\t\t\t\t\t<div class=\"post-content-wrapper\">\n\t\t\t\t\t\t\t\t\t\t\t\t\t\t\t\t\t<div class=\"the7-simple-post-thumb\">\n\t\t\t\t\t\t\t\t\t\t<a class=\"post-thumbnail-rollover layzr-bg img-css-resize-wrapper\" aria-label=\"Post image\" href=\"https:\/\/www.czechspaceweek.com\/en\/advacam\/\"><img decoding=\"async\" width=\"581\" height=\"583\" src=\"data:image\/svg+xml,%3Csvg%20xmlns%3D&#039;http%3A%2F%2Fwww.w3.org%2F2000%2Fsvg&#039;%20viewBox%3D&#039;0%200%20581%20583&#039;%2F%3E\" class=\"attachment-full size-full preload-me aspect lazy lazy-load\" alt=\"\" sizes=\"(max-width: 581px) 100vw, 581px\" style=\"--ratio: 581 \/ 583;\" data-src=\"https:\/\/www.czechspaceweek.com\/wp-content\/uploads\/2023\/11\/ADVACAM_MiniPIX_TPX3_hands-1.jpg\" loading=\"eager\" data-srcset=\"https:\/\/www.czechspaceweek.com\/wp-content\/uploads\/2023\/11\/ADVACAM_MiniPIX_TPX3_hands-1.jpg 581w, https:\/\/www.czechspaceweek.com\/wp-content\/uploads\/2023\/11\/ADVACAM_MiniPIX_TPX3_hands-1-300x300.jpg 300w, https:\/\/www.czechspaceweek.com\/wp-content\/uploads\/2023\/11\/ADVACAM_MiniPIX_TPX3_hands-1-150x150.jpg 150w\" \/><span class=\"the7-hover-icon\"><svg xmlns=\"http:\/\/www.w3.org\/2000\/svg\" viewBox=\"0 0 24 24\" width=\"24\" height=\"24\"><path fill=\"none\" d=\"M0 0h24v24H0z\"><\/path><path d=\"M5 10c-1.1 0-2 .9-2 2s.9 2 2 2 2-.9 2-2-.9-2-2-2zm14 0c-1.1 0-2 .9-2 2s.9 2 2 2 2-.9 2-2-.9-2-2-2zm-7 0c-1.1 0-2 .9-2 2s.9 2 2 2 2-.9 2-2-.9-2-2-2z\"><\/path><\/svg><\/span><\/a>\t\t\t\t\t\t\t\t\t<\/div>\n\t\t\t\t\t\t\t\t\t\t\t\t\t\t\t\t<div class=\"post-entry-content\">\n\t\t\t\t\t\t\t\t\t<h5 class=\"heading\"><a href=\"https:\/\/www.czechspaceweek.com\/en\/advacam\/\" rel=\"bookmark\" title=\"Advacam\" class=\"post-title\">Advacam<\/a><\/h5><div class=\"entry-meta\"><span class=\"meta-item category-link\"><a href=\"https:\/\/www.czechspaceweek.com\/en\/rubriky\/czech-space-week-en\/\" rel=\"tag\">Czech Space Week<\/a><\/span><span class=\"meta-item data-link\"><time class=\"entry-date updated\" datetime=\"2023-11-14T13:11:41+01:00\">14. 11. 2023<\/time><\/span><\/div><a href=\"https:\/\/www.czechspaceweek.com\/en\/advacam\/\" target=\"\" aria-label=\"Read more about Advacam\" class=\"box-button elementor-button elementor-size-sm\">To the article<svg xmlns=\"http:\/\/www.w3.org\/2000\/svg\" viewBox=\"0 0 24 24\" width=\"24\" height=\"24\"><path fill=\"none\" d=\"M0 0h24v24H0z\"><\/path><path d=\"M16.172 11l-5.364-5.364 1.414-1.414L20 12l-7.778 7.778-1.414-1.414L16.172 13H4v-2z\"><\/path><\/svg><\/a>\t\t\t\t\t\t\t\t<\/div>\n\t\t\t\t\t\t\t<\/div>\n\t\t\t\t\t\t<\/article>\n\t\t\t\t\t<\/div>\t\t\t\t\t\t\t\t\t\t<div class=\"wf-cell visible \">\n\t\t\t\t\t\t<article class=\"post visible wrapper post-87995 type-post status-publish format-standard has-post-thumbnail hentry category-czech-space-week-en category-276 description-off\">\n\n\t\t\t\t\t\t\t<div class=\"post-content-wrapper\">\n\t\t\t\t\t\t\t\t\t\t\t\t\t\t\t\t\t<div class=\"the7-simple-post-thumb\">\n\t\t\t\t\t\t\t\t\t\t<a class=\"post-thumbnail-rollover layzr-bg img-css-resize-wrapper\" aria-label=\"Post image\" href=\"https:\/\/www.czechspaceweek.com\/en\/huld\/\"><img decoding=\"async\" width=\"303\" height=\"166\" src=\"data:image\/svg+xml,%3Csvg%20xmlns%3D&#039;http%3A%2F%2Fwww.w3.org%2F2000%2Fsvg&#039;%20viewBox%3D&#039;0%200%20303%20166&#039;%2F%3E\" class=\"attachment-full size-full preload-me aspect lazy lazy-load\" alt=\"\" sizes=\"(max-width: 303px) 100vw, 303px\" style=\"--ratio: 303 \/ 166;\" data-src=\"https:\/\/www.czechspaceweek.com\/wp-content\/uploads\/2023\/11\/huld.jpg\" loading=\"eager\" data-srcset=\"https:\/\/www.czechspaceweek.com\/wp-content\/uploads\/2023\/11\/huld.jpg 303w, https:\/\/www.czechspaceweek.com\/wp-content\/uploads\/2023\/11\/huld-300x164.jpg 300w\" \/><span class=\"the7-hover-icon\"><svg xmlns=\"http:\/\/www.w3.org\/2000\/svg\" viewBox=\"0 0 24 24\" width=\"24\" height=\"24\"><path fill=\"none\" d=\"M0 0h24v24H0z\"><\/path><path d=\"M5 10c-1.1 0-2 .9-2 2s.9 2 2 2 2-.9 2-2-.9-2-2-2zm14 0c-1.1 0-2 .9-2 2s.9 2 2 2 2-.9 2-2-.9-2-2-2zm-7 0c-1.1 0-2 .9-2 2s.9 2 2 2 2-.9 2-2-.9-2-2-2z\"><\/path><\/svg><\/span><\/a>\t\t\t\t\t\t\t\t\t<\/div>\n\t\t\t\t\t\t\t\t\t\t\t\t\t\t\t\t<div class=\"post-entry-content\">\n\t\t\t\t\t\t\t\t\t<h5 class=\"heading\"><a href=\"https:\/\/www.czechspaceweek.com\/en\/huld\/\" rel=\"bookmark\" title=\"Huld\" class=\"post-title\">Huld<\/a><\/h5><div class=\"entry-meta\"><span class=\"meta-item category-link\"><a href=\"https:\/\/www.czechspaceweek.com\/en\/rubriky\/czech-space-week-en\/\" rel=\"tag\">Czech Space Week<\/a><\/span><span class=\"meta-item data-link\"><time class=\"entry-date updated\" datetime=\"2023-11-14T13:05:35+01:00\">14. 11. 2023<\/time><\/span><\/div><a href=\"https:\/\/www.czechspaceweek.com\/en\/huld\/\" target=\"\" aria-label=\"Read more about Huld\" class=\"box-button elementor-button elementor-size-sm\">To the article<svg xmlns=\"http:\/\/www.w3.org\/2000\/svg\" viewBox=\"0 0 24 24\" width=\"24\" height=\"24\"><path fill=\"none\" d=\"M0 0h24v24H0z\"><\/path><path d=\"M16.172 11l-5.364-5.364 1.414-1.414L20 12l-7.778 7.778-1.414-1.414L16.172 13H4v-2z\"><\/path><\/svg><\/a>\t\t\t\t\t\t\t\t<\/div>\n\t\t\t\t\t\t\t<\/div>\n\t\t\t\t\t\t<\/article>\n\t\t\t\t\t<\/div>\t\t\t\t\t\t\t\t\t\t<div class=\"wf-cell visible \">\n\t\t\t\t\t\t<article class=\"post visible wrapper post-87994 type-post status-publish format-standard has-post-thumbnail hentry category-czech-space-week-en category-276 description-off\">\n\n\t\t\t\t\t\t\t<div class=\"post-content-wrapper\">\n\t\t\t\t\t\t\t\t\t\t\t\t\t\t\t\t\t<div class=\"the7-simple-post-thumb\">\n\t\t\t\t\t\t\t\t\t\t<a class=\"post-thumbnail-rollover layzr-bg img-css-resize-wrapper\" aria-label=\"Post image\" href=\"https:\/\/www.czechspaceweek.com\/en\/honeywell\/\"><img decoding=\"async\" width=\"1920\" height=\"1440\" src=\"data:image\/svg+xml,%3Csvg%20xmlns%3D&#039;http%3A%2F%2Fwww.w3.org%2F2000%2Fsvg&#039;%20viewBox%3D&#039;0%200%201920%201440&#039;%2F%3E\" class=\"attachment-full size-full preload-me aspect lazy lazy-load\" alt=\"\" sizes=\"(max-width: 1920px) 100vw, 1920px\" style=\"--ratio: 1920 \/ 1440;\" data-src=\"https:\/\/www.czechspaceweek.com\/wp-content\/uploads\/2023\/11\/Proba-3_pillars.jpg\" loading=\"eager\" data-srcset=\"https:\/\/www.czechspaceweek.com\/wp-content\/uploads\/2023\/11\/Proba-3_pillars.jpg 1920w, https:\/\/www.czechspaceweek.com\/wp-content\/uploads\/2023\/11\/Proba-3_pillars-300x225.jpg 300w, https:\/\/www.czechspaceweek.com\/wp-content\/uploads\/2023\/11\/Proba-3_pillars-1024x768.jpg 1024w, https:\/\/www.czechspaceweek.com\/wp-content\/uploads\/2023\/11\/Proba-3_pillars-768x576.jpg 768w, https:\/\/www.czechspaceweek.com\/wp-content\/uploads\/2023\/11\/Proba-3_pillars-1536x1152.jpg 1536w\" \/><span class=\"the7-hover-icon\"><svg xmlns=\"http:\/\/www.w3.org\/2000\/svg\" viewBox=\"0 0 24 24\" width=\"24\" height=\"24\"><path fill=\"none\" d=\"M0 0h24v24H0z\"><\/path><path d=\"M5 10c-1.1 0-2 .9-2 2s.9 2 2 2 2-.9 2-2-.9-2-2-2zm14 0c-1.1 0-2 .9-2 2s.9 2 2 2 2-.9 2-2-.9-2-2-2zm-7 0c-1.1 0-2 .9-2 2s.9 2 2 2 2-.9 2-2-.9-2-2-2z\"><\/path><\/svg><\/span><\/a>\t\t\t\t\t\t\t\t\t<\/div>\n\t\t\t\t\t\t\t\t\t\t\t\t\t\t\t\t<div class=\"post-entry-content\">\n\t\t\t\t\t\t\t\t\t<h5 class=\"heading\"><a href=\"https:\/\/www.czechspaceweek.com\/en\/honeywell\/\" rel=\"bookmark\" title=\"Honeywell\" class=\"post-title\">Honeywell<\/a><\/h5><div class=\"entry-meta\"><span class=\"meta-item category-link\"><a href=\"https:\/\/www.czechspaceweek.com\/en\/rubriky\/czech-space-week-en\/\" rel=\"tag\">Czech Space Week<\/a><\/span><span class=\"meta-item data-link\"><time class=\"entry-date updated\" datetime=\"2023-11-14T12:57:48+01:00\">14. 11. 2023<\/time><\/span><\/div><a href=\"https:\/\/www.czechspaceweek.com\/en\/honeywell\/\" target=\"\" aria-label=\"Read more about Honeywell\" class=\"box-button elementor-button elementor-size-sm\">To the article<svg xmlns=\"http:\/\/www.w3.org\/2000\/svg\" viewBox=\"0 0 24 24\" width=\"24\" height=\"24\"><path fill=\"none\" d=\"M0 0h24v24H0z\"><\/path><path d=\"M16.172 11l-5.364-5.364 1.414-1.414L20 12l-7.778 7.778-1.414-1.414L16.172 13H4v-2z\"><\/path><\/svg><\/a>\t\t\t\t\t\t\t\t<\/div>\n\t\t\t\t\t\t\t<\/div>\n\t\t\t\t\t\t<\/article>\n\t\t\t\t\t<\/div>\t\t\t\t\t\t\t\t\t\t<div class=\"wf-cell visible \">\n\t\t\t\t\t\t<article class=\"post visible wrapper post-87993 type-post status-publish format-standard has-post-thumbnail hentry category-czech-space-week-en category-276 description-off\">\n\n\t\t\t\t\t\t\t<div class=\"post-content-wrapper\">\n\t\t\t\t\t\t\t\t\t\t\t\t\t\t\t\t\t<div class=\"the7-simple-post-thumb\">\n\t\t\t\t\t\t\t\t\t\t<a class=\"post-thumbnail-rollover layzr-bg img-css-resize-wrapper\" aria-label=\"Post image\" href=\"https:\/\/www.czechspaceweek.com\/en\/ohb-czechspace\/\"><img decoding=\"async\" width=\"2560\" height=\"1645\" src=\"data:image\/svg+xml,%3Csvg%20xmlns%3D&#039;http%3A%2F%2Fwww.w3.org%2F2000%2Fsvg&#039;%20viewBox%3D&#039;0%200%202560%201645&#039;%2F%3E\" class=\"attachment-full size-full preload-me aspect lazy lazy-load\" alt=\"\" sizes=\"(max-width: 2560px) 100vw, 2560px\" style=\"--ratio: 2560 \/ 1645;\" data-src=\"https:\/\/www.czechspaceweek.com\/wp-content\/uploads\/2023\/11\/OHB-scaled.jpg\" loading=\"eager\" data-srcset=\"https:\/\/www.czechspaceweek.com\/wp-content\/uploads\/2023\/11\/OHB-scaled.jpg 2560w, https:\/\/www.czechspaceweek.com\/wp-content\/uploads\/2023\/11\/OHB-300x193.jpg 300w, https:\/\/www.czechspaceweek.com\/wp-content\/uploads\/2023\/11\/OHB-1024x658.jpg 1024w, https:\/\/www.czechspaceweek.com\/wp-content\/uploads\/2023\/11\/OHB-768x493.jpg 768w, https:\/\/www.czechspaceweek.com\/wp-content\/uploads\/2023\/11\/OHB-1536x987.jpg 1536w, https:\/\/www.czechspaceweek.com\/wp-content\/uploads\/2023\/11\/OHB-2048x1316.jpg 2048w\" \/><span class=\"the7-hover-icon\"><svg xmlns=\"http:\/\/www.w3.org\/2000\/svg\" viewBox=\"0 0 24 24\" width=\"24\" height=\"24\"><path fill=\"none\" d=\"M0 0h24v24H0z\"><\/path><path d=\"M5 10c-1.1 0-2 .9-2 2s.9 2 2 2 2-.9 2-2-.9-2-2-2zm14 0c-1.1 0-2 .9-2 2s.9 2 2 2 2-.9 2-2-.9-2-2-2zm-7 0c-1.1 0-2 .9-2 2s.9 2 2 2 2-.9 2-2-.9-2-2-2z\"><\/path><\/svg><\/span><\/a>\t\t\t\t\t\t\t\t\t<\/div>\n\t\t\t\t\t\t\t\t\t\t\t\t\t\t\t\t<div class=\"post-entry-content\">\n\t\t\t\t\t\t\t\t\t<h5 class=\"heading\"><a href=\"https:\/\/www.czechspaceweek.com\/en\/ohb-czechspace\/\" rel=\"bookmark\" title=\"OHB Czechspace\" class=\"post-title\">OHB Czechspace<\/a><\/h5><div class=\"entry-meta\"><span class=\"meta-item category-link\"><a href=\"https:\/\/www.czechspaceweek.com\/en\/rubriky\/czech-space-week-en\/\" rel=\"tag\">Czech Space Week<\/a><\/span><span class=\"meta-item data-link\"><time class=\"entry-date updated\" datetime=\"2023-11-09T14:35:10+01:00\">9. 11. 2023<\/time><\/span><\/div><a href=\"https:\/\/www.czechspaceweek.com\/en\/ohb-czechspace\/\" target=\"\" aria-label=\"Read more about OHB Czechspace\" class=\"box-button elementor-button elementor-size-sm\">To the article<svg xmlns=\"http:\/\/www.w3.org\/2000\/svg\" viewBox=\"0 0 24 24\" width=\"24\" height=\"24\"><path fill=\"none\" d=\"M0 0h24v24H0z\"><\/path><path d=\"M16.172 11l-5.364-5.364 1.414-1.414L20 12l-7.778 7.778-1.414-1.414L16.172 13H4v-2z\"><\/path><\/svg><\/a>\t\t\t\t\t\t\t\t<\/div>\n\t\t\t\t\t\t\t<\/div>\n\t\t\t\t\t\t<\/article>\n\t\t\t\t\t<\/div>\t\t\t\t\t\t\t\t\t\t<div class=\"wf-cell visible \">\n\t\t\t\t\t\t<article class=\"post visible wrapper post-87689 type-post status-publish format-standard has-post-thumbnail hentry category-czech-space-week-en category-276 description-off\">\n\n\t\t\t\t\t\t\t<div class=\"post-content-wrapper\">\n\t\t\t\t\t\t\t\t\t\t\t\t\t\t\t\t\t<div class=\"the7-simple-post-thumb\">\n\t\t\t\t\t\t\t\t\t\t<a class=\"post-thumbnail-rollover layzr-bg img-css-resize-wrapper\" aria-label=\"Post image\" href=\"https:\/\/www.czechspaceweek.com\/en\/stratosyst\/\"><img decoding=\"async\" width=\"518\" height=\"308\" src=\"data:image\/svg+xml,%3Csvg%20xmlns%3D&#039;http%3A%2F%2Fwww.w3.org%2F2000%2Fsvg&#039;%20viewBox%3D&#039;0%200%20518%20308&#039;%2F%3E\" class=\"attachment-full size-full preload-me aspect lazy lazy-load\" alt=\"\" sizes=\"(max-width: 518px) 100vw, 518px\" style=\"--ratio: 518 \/ 308;\" data-src=\"https:\/\/www.czechspaceweek.com\/wp-content\/uploads\/2023\/10\/stratosyst.png\" loading=\"eager\" data-srcset=\"https:\/\/www.czechspaceweek.com\/wp-content\/uploads\/2023\/10\/stratosyst.png 518w, https:\/\/www.czechspaceweek.com\/wp-content\/uploads\/2023\/10\/stratosyst-300x178.png 300w\" \/><span class=\"the7-hover-icon\"><svg xmlns=\"http:\/\/www.w3.org\/2000\/svg\" viewBox=\"0 0 24 24\" width=\"24\" height=\"24\"><path fill=\"none\" d=\"M0 0h24v24H0z\"><\/path><path d=\"M5 10c-1.1 0-2 .9-2 2s.9 2 2 2 2-.9 2-2-.9-2-2-2zm14 0c-1.1 0-2 .9-2 2s.9 2 2 2 2-.9 2-2-.9-2-2-2zm-7 0c-1.1 0-2 .9-2 2s.9 2 2 2 2-.9 2-2-.9-2-2-2z\"><\/path><\/svg><\/span><\/a>\t\t\t\t\t\t\t\t\t<\/div>\n\t\t\t\t\t\t\t\t\t\t\t\t\t\t\t\t<div class=\"post-entry-content\">\n\t\t\t\t\t\t\t\t\t<h5 class=\"heading\"><a href=\"https:\/\/www.czechspaceweek.com\/en\/stratosyst\/\" rel=\"bookmark\" title=\"Stratosyst\" class=\"post-title\">Stratosyst<\/a><\/h5><div class=\"entry-meta\"><span class=\"meta-item category-link\"><a href=\"https:\/\/www.czechspaceweek.com\/en\/rubriky\/czech-space-week-en\/\" rel=\"tag\">Czech Space Week<\/a><\/span><span class=\"meta-item data-link\"><time class=\"entry-date updated\" datetime=\"2023-10-31T12:04:34+01:00\">31. 10. 2023<\/time><\/span><\/div><a href=\"https:\/\/www.czechspaceweek.com\/en\/stratosyst\/\" target=\"\" aria-label=\"Read more about Stratosyst\" class=\"box-button elementor-button elementor-size-sm\">To the article<svg xmlns=\"http:\/\/www.w3.org\/2000\/svg\" viewBox=\"0 0 24 24\" width=\"24\" height=\"24\"><path fill=\"none\" d=\"M0 0h24v24H0z\"><\/path><path d=\"M16.172 11l-5.364-5.364 1.414-1.414L20 12l-7.778 7.778-1.414-1.414L16.172 13H4v-2z\"><\/path><\/svg><\/a>\t\t\t\t\t\t\t\t<\/div>\n\t\t\t\t\t\t\t<\/div>\n\t\t\t\t\t\t<\/article>\n\t\t\t\t\t<\/div>\t\t\t\t\t\t\t\t\t\t<div class=\"wf-cell visible \">\n\t\t\t\t\t\t<article class=\"post visible wrapper post-87684 type-post status-publish format-standard has-post-thumbnail hentry category-czech-space-week-en category-276 description-off\">\n\n\t\t\t\t\t\t\t<div class=\"post-content-wrapper\">\n\t\t\t\t\t\t\t\t\t\t\t\t\t\t\t\t\t<div class=\"the7-simple-post-thumb\">\n\t\t\t\t\t\t\t\t\t\t<a class=\"post-thumbnail-rollover layzr-bg img-css-resize-wrapper\" aria-label=\"Post image\" href=\"https:\/\/www.czechspaceweek.com\/en\/trl-space-systems\/\"><img decoding=\"async\" width=\"741\" height=\"429\" src=\"data:image\/svg+xml,%3Csvg%20xmlns%3D&#039;http%3A%2F%2Fwww.w3.org%2F2000%2Fsvg&#039;%20viewBox%3D&#039;0%200%20741%20429&#039;%2F%3E\" class=\"attachment-full size-full preload-me aspect lazy lazy-load\" alt=\"\" sizes=\"(max-width: 741px) 100vw, 741px\" style=\"--ratio: 741 \/ 429;\" data-src=\"https:\/\/www.czechspaceweek.com\/wp-content\/uploads\/2023\/10\/TRL-space.png\" loading=\"eager\" data-srcset=\"https:\/\/www.czechspaceweek.com\/wp-content\/uploads\/2023\/10\/TRL-space.png 741w, https:\/\/www.czechspaceweek.com\/wp-content\/uploads\/2023\/10\/TRL-space-300x174.png 300w\" \/><span class=\"the7-hover-icon\"><svg xmlns=\"http:\/\/www.w3.org\/2000\/svg\" viewBox=\"0 0 24 24\" width=\"24\" height=\"24\"><path fill=\"none\" d=\"M0 0h24v24H0z\"><\/path><path d=\"M5 10c-1.1 0-2 .9-2 2s.9 2 2 2 2-.9 2-2-.9-2-2-2zm14 0c-1.1 0-2 .9-2 2s.9 2 2 2 2-.9 2-2-.9-2-2-2zm-7 0c-1.1 0-2 .9-2 2s.9 2 2 2 2-.9 2-2-.9-2-2-2z\"><\/path><\/svg><\/span><\/a>\t\t\t\t\t\t\t\t\t<\/div>\n\t\t\t\t\t\t\t\t\t\t\t\t\t\t\t\t<div class=\"post-entry-content\">\n\t\t\t\t\t\t\t\t\t<h5 class=\"heading\"><a href=\"https:\/\/www.czechspaceweek.com\/en\/trl-space-systems\/\" rel=\"bookmark\" title=\"TRL Space Systems\" class=\"post-title\">TRL Space Systems<\/a><\/h5><div class=\"entry-meta\"><span class=\"meta-item category-link\"><a href=\"https:\/\/www.czechspaceweek.com\/en\/rubriky\/czech-space-week-en\/\" rel=\"tag\">Czech Space Week<\/a><\/span><span class=\"meta-item data-link\"><time class=\"entry-date updated\" datetime=\"2023-10-31T11:55:37+01:00\">31. 10. 2023<\/time><\/span><\/div><a href=\"https:\/\/www.czechspaceweek.com\/en\/trl-space-systems\/\" target=\"\" aria-label=\"Read more about TRL Space Systems\" class=\"box-button elementor-button elementor-size-sm\">To the article<svg xmlns=\"http:\/\/www.w3.org\/2000\/svg\" viewBox=\"0 0 24 24\" width=\"24\" height=\"24\"><path fill=\"none\" d=\"M0 0h24v24H0z\"><\/path><path d=\"M16.172 11l-5.364-5.364 1.414-1.414L20 12l-7.778 7.778-1.414-1.414L16.172 13H4v-2z\"><\/path><\/svg><\/a>\t\t\t\t\t\t\t\t<\/div>\n\t\t\t\t\t\t\t<\/div>\n\t\t\t\t\t\t<\/article>\n\t\t\t\t\t<\/div>\t\t\t\t\t\t\t\t\t\t<div class=\"wf-cell visible \">\n\t\t\t\t\t\t<article class=\"post visible wrapper post-87373 type-post status-publish format-standard has-post-thumbnail hentry category-podcasts category-280 description-off\">\n\n\t\t\t\t\t\t\t<div class=\"post-content-wrapper\">\n\t\t\t\t\t\t\t\t\t\t\t\t\t\t\t\t\t<div class=\"the7-simple-post-thumb\">\n\t\t\t\t\t\t\t\t\t\t<a class=\"post-thumbnail-rollover layzr-bg img-css-resize-wrapper\" aria-label=\"Post image\" href=\"https:\/\/www.czechspaceweek.com\/en\/czech-space-news-podcast-22-petr-kapoun\/\"><img decoding=\"async\" width=\"1280\" height=\"720\" src=\"data:image\/svg+xml,%3Csvg%20xmlns%3D&#039;http%3A%2F%2Fwww.w3.org%2F2000%2Fsvg&#039;%20viewBox%3D&#039;0%200%201280%20720&#039;%2F%3E\" class=\"attachment-full size-full preload-me aspect lazy lazy-load\" alt=\"\" sizes=\"(max-width: 1280px) 100vw, 1280px\" style=\"--ratio: 1280 \/ 720;\" data-src=\"https:\/\/www.czechspaceweek.com\/wp-content\/uploads\/2022\/12\/CSN_kapoun.jpg\" loading=\"eager\" data-srcset=\"https:\/\/www.czechspaceweek.com\/wp-content\/uploads\/2022\/12\/CSN_kapoun.jpg 1280w, https:\/\/www.czechspaceweek.com\/wp-content\/uploads\/2022\/12\/CSN_kapoun-300x169.jpg 300w, https:\/\/www.czechspaceweek.com\/wp-content\/uploads\/2022\/12\/CSN_kapoun-1024x576.jpg 1024w, https:\/\/www.czechspaceweek.com\/wp-content\/uploads\/2022\/12\/CSN_kapoun-768x432.jpg 768w\" \/><span class=\"the7-hover-icon\"><svg xmlns=\"http:\/\/www.w3.org\/2000\/svg\" viewBox=\"0 0 24 24\" width=\"24\" height=\"24\"><path fill=\"none\" d=\"M0 0h24v24H0z\"><\/path><path d=\"M5 10c-1.1 0-2 .9-2 2s.9 2 2 2 2-.9 2-2-.9-2-2-2zm14 0c-1.1 0-2 .9-2 2s.9 2 2 2 2-.9 2-2-.9-2-2-2zm-7 0c-1.1 0-2 .9-2 2s.9 2 2 2 2-.9 2-2-.9-2-2-2z\"><\/path><\/svg><\/span><\/a>\t\t\t\t\t\t\t\t\t<\/div>\n\t\t\t\t\t\t\t\t\t\t\t\t\t\t\t\t<div class=\"post-entry-content\">\n\t\t\t\t\t\t\t\t\t<h5 class=\"heading\"><a href=\"https:\/\/www.czechspaceweek.com\/en\/czech-space-news-podcast-22-petr-kapoun\/\" rel=\"bookmark\" title=\"Czech Space News podcast #22 &#8211; Petr Kapoun\" class=\"post-title\">Czech Space News podcast #22 &#8211; Petr Kapoun<\/a><\/h5><div class=\"entry-meta\"><span class=\"meta-item category-link\"><a href=\"https:\/\/www.czechspaceweek.com\/en\/rubriky\/podcasts\/\" rel=\"tag\">Podcasts<\/a><\/span><span class=\"meta-item data-link\"><time class=\"entry-date updated\" datetime=\"2022-12-18T22:52:38+01:00\">18. 12. 2022<\/time><\/span><\/div><a href=\"https:\/\/www.czechspaceweek.com\/en\/czech-space-news-podcast-22-petr-kapoun\/\" target=\"\" aria-label=\"Read more about Czech Space News podcast #22 &#8211; Petr Kapoun\" class=\"box-button elementor-button elementor-size-sm\">To the article<svg xmlns=\"http:\/\/www.w3.org\/2000\/svg\" viewBox=\"0 0 24 24\" width=\"24\" height=\"24\"><path fill=\"none\" d=\"M0 0h24v24H0z\"><\/path><path d=\"M16.172 11l-5.364-5.364 1.414-1.414L20 12l-7.778 7.778-1.414-1.414L16.172 13H4v-2z\"><\/path><\/svg><\/a>\t\t\t\t\t\t\t\t<\/div>\n\t\t\t\t\t\t\t<\/div>\n\t\t\t\t\t\t<\/article>\n\t\t\t\t\t<\/div>\t\t\t\t\t\t\t\t\t\t<div class=\"wf-cell hidden \">\n\t\t\t\t\t\t<article class=\"post visible wrapper post-87375 type-post status-publish format-standard has-post-thumbnail hentry category-czech-space-week-en category-276 description-off\">\n\n\t\t\t\t\t\t\t<div class=\"post-content-wrapper\">\n\t\t\t\t\t\t\t\t\t\t\t\t\t\t\t\t\t<div class=\"the7-simple-post-thumb\">\n\t\t\t\t\t\t\t\t\t\t<a class=\"post-thumbnail-rollover layzr-bg img-css-resize-wrapper\" aria-label=\"Post image\" href=\"https:\/\/www.czechspaceweek.com\/en\/photo-gallery-czech-space-week\/\"><img decoding=\"async\" width=\"2560\" height=\"1920\" src=\"data:image\/svg+xml,%3Csvg%20xmlns%3D&#039;http%3A%2F%2Fwww.w3.org%2F2000%2Fsvg&#039;%20viewBox%3D&#039;0%200%202560%201920&#039;%2F%3E\" class=\"attachment-full size-full preload-me aspect lazy lazy-load\" alt=\"\" sizes=\"(max-width: 2560px) 100vw, 2560px\" style=\"--ratio: 2560 \/ 1920;\" data-src=\"https:\/\/www.czechspaceweek.com\/wp-content\/uploads\/2022\/12\/IMG-3370-scaled.jpg\" loading=\"eager\" data-srcset=\"https:\/\/www.czechspaceweek.com\/wp-content\/uploads\/2022\/12\/IMG-3370-scaled.jpg 2560w, https:\/\/www.czechspaceweek.com\/wp-content\/uploads\/2022\/12\/IMG-3370-300x225.jpg 300w, https:\/\/www.czechspaceweek.com\/wp-content\/uploads\/2022\/12\/IMG-3370-1024x768.jpg 1024w, https:\/\/www.czechspaceweek.com\/wp-content\/uploads\/2022\/12\/IMG-3370-768x576.jpg 768w, https:\/\/www.czechspaceweek.com\/wp-content\/uploads\/2022\/12\/IMG-3370-1536x1152.jpg 1536w, https:\/\/www.czechspaceweek.com\/wp-content\/uploads\/2022\/12\/IMG-3370-2048x1536.jpg 2048w\" \/><span class=\"the7-hover-icon\"><svg xmlns=\"http:\/\/www.w3.org\/2000\/svg\" viewBox=\"0 0 24 24\" width=\"24\" height=\"24\"><path fill=\"none\" d=\"M0 0h24v24H0z\"><\/path><path d=\"M5 10c-1.1 0-2 .9-2 2s.9 2 2 2 2-.9 2-2-.9-2-2-2zm14 0c-1.1 0-2 .9-2 2s.9 2 2 2 2-.9 2-2-.9-2-2-2zm-7 0c-1.1 0-2 .9-2 2s.9 2 2 2 2-.9 2-2-.9-2-2-2z\"><\/path><\/svg><\/span><\/a>\t\t\t\t\t\t\t\t\t<\/div>\n\t\t\t\t\t\t\t\t\t\t\t\t\t\t\t\t<div class=\"post-entry-content\">\n\t\t\t\t\t\t\t\t\t<h5 class=\"heading\"><a href=\"https:\/\/www.czechspaceweek.com\/en\/photo-gallery-czech-space-week\/\" rel=\"bookmark\" title=\"Photo Gallery Czech Space Week\" class=\"post-title\">Photo Gallery Czech Space Week<\/a><\/h5><div class=\"entry-meta\"><span class=\"meta-item category-link\"><a href=\"https:\/\/www.czechspaceweek.com\/en\/rubriky\/czech-space-week-en\/\" rel=\"tag\">Czech Space Week<\/a><\/span><span class=\"meta-item data-link\"><time class=\"entry-date updated\" datetime=\"2022-12-09T00:22:03+01:00\">9. 12. 2022<\/time><\/span><\/div><a href=\"https:\/\/www.czechspaceweek.com\/en\/photo-gallery-czech-space-week\/\" target=\"\" aria-label=\"Read more about Photo Gallery Czech Space Week\" class=\"box-button elementor-button elementor-size-sm\">To the article<svg xmlns=\"http:\/\/www.w3.org\/2000\/svg\" viewBox=\"0 0 24 24\" width=\"24\" height=\"24\"><path fill=\"none\" d=\"M0 0h24v24H0z\"><\/path><path d=\"M16.172 11l-5.364-5.364 1.414-1.414L20 12l-7.778 7.778-1.414-1.414L16.172 13H4v-2z\"><\/path><\/svg><\/a>\t\t\t\t\t\t\t\t<\/div>\n\t\t\t\t\t\t\t<\/div>\n\t\t\t\t\t\t<\/article>\n\t\t\t\t\t<\/div>\t\t\t\t\t\t\t\t\t\t<div class=\"wf-cell hidden \">\n\t\t\t\t\t\t<article class=\"post visible wrapper post-87376 type-post status-publish format-standard has-post-thumbnail hentry category-czech-space-week category-44 description-off\">\n\n\t\t\t\t\t\t\t<div class=\"post-content-wrapper\">\n\t\t\t\t\t\t\t\t\t\t\t\t\t\t\t\t\t<div class=\"the7-simple-post-thumb\">\n\t\t\t\t\t\t\t\t\t\t<a class=\"post-thumbnail-rollover layzr-bg img-css-resize-wrapper\" aria-label=\"Post image\" href=\"https:\/\/www.czechspaceweek.com\/en\/czech-space-week-is-over-check-out-the-footage-of-key-events\/\"><img decoding=\"async\" width=\"2560\" height=\"1920\" src=\"data:image\/svg+xml,%3Csvg%20xmlns%3D&#039;http%3A%2F%2Fwww.w3.org%2F2000%2Fsvg&#039;%20viewBox%3D&#039;0%200%202560%201920&#039;%2F%3E\" class=\"attachment-full size-full preload-me aspect lazy lazy-load\" alt=\"\" sizes=\"(max-width: 2560px) 100vw, 2560px\" style=\"--ratio: 2560 \/ 1920;\" data-src=\"https:\/\/www.czechspaceweek.com\/wp-content\/uploads\/2022\/12\/IMG-3368-scaled.jpg\" loading=\"eager\" data-srcset=\"https:\/\/www.czechspaceweek.com\/wp-content\/uploads\/2022\/12\/IMG-3368-scaled.jpg 2560w, https:\/\/www.czechspaceweek.com\/wp-content\/uploads\/2022\/12\/IMG-3368-300x225.jpg 300w, https:\/\/www.czechspaceweek.com\/wp-content\/uploads\/2022\/12\/IMG-3368-1024x768.jpg 1024w, https:\/\/www.czechspaceweek.com\/wp-content\/uploads\/2022\/12\/IMG-3368-768x576.jpg 768w, https:\/\/www.czechspaceweek.com\/wp-content\/uploads\/2022\/12\/IMG-3368-1536x1152.jpg 1536w, https:\/\/www.czechspaceweek.com\/wp-content\/uploads\/2022\/12\/IMG-3368-2048x1536.jpg 2048w\" \/><span class=\"the7-hover-icon\"><svg xmlns=\"http:\/\/www.w3.org\/2000\/svg\" viewBox=\"0 0 24 24\" width=\"24\" height=\"24\"><path fill=\"none\" d=\"M0 0h24v24H0z\"><\/path><path d=\"M5 10c-1.1 0-2 .9-2 2s.9 2 2 2 2-.9 2-2-.9-2-2-2zm14 0c-1.1 0-2 .9-2 2s.9 2 2 2 2-.9 2-2-.9-2-2-2zm-7 0c-1.1 0-2 .9-2 2s.9 2 2 2 2-.9 2-2-.9-2-2-2z\"><\/path><\/svg><\/span><\/a>\t\t\t\t\t\t\t\t\t<\/div>\n\t\t\t\t\t\t\t\t\t\t\t\t\t\t\t\t<div class=\"post-entry-content\">\n\t\t\t\t\t\t\t\t\t<h5 class=\"heading\"><a href=\"https:\/\/www.czechspaceweek.com\/en\/czech-space-week-is-over-check-out-the-footage-of-key-events\/\" rel=\"bookmark\" title=\"Czech Space Week is over: check out the footage of key events\" class=\"post-title\">Czech Space Week is over: check out the footage of key events<\/a><\/h5><div class=\"entry-meta\"><span class=\"meta-item category-link\"><a href=\"https:\/\/www.czechspaceweek.com\/rubriky\/czech-space-week\/\" rel=\"tag\">Czech Space Week<\/a><\/span><span class=\"meta-item data-link\"><time class=\"entry-date updated\" datetime=\"2022-12-07T02:31:01+01:00\">7. 12. 2022<\/time><\/span><\/div><a href=\"https:\/\/www.czechspaceweek.com\/en\/czech-space-week-is-over-check-out-the-footage-of-key-events\/\" target=\"\" aria-label=\"Read more about Czech Space Week is over: check out the footage of key events\" class=\"box-button elementor-button elementor-size-sm\">To the article<svg xmlns=\"http:\/\/www.w3.org\/2000\/svg\" viewBox=\"0 0 24 24\" width=\"24\" height=\"24\"><path fill=\"none\" d=\"M0 0h24v24H0z\"><\/path><path d=\"M16.172 11l-5.364-5.364 1.414-1.414L20 12l-7.778 7.778-1.414-1.414L16.172 13H4v-2z\"><\/path><\/svg><\/a>\t\t\t\t\t\t\t\t<\/div>\n\t\t\t\t\t\t\t<\/div>\n\t\t\t\t\t\t<\/article>\n\t\t\t\t\t<\/div>\t\t\t\t\t\t\t\t\t\t<div class=\"wf-cell hidden \">\n\t\t\t\t\t\t<article class=\"post visible wrapper post-87377 type-post status-publish format-standard has-post-thumbnail hentry category-czech-space-week category-44 description-off\">\n\n\t\t\t\t\t\t\t<div class=\"post-content-wrapper\">\n\t\t\t\t\t\t\t\t\t\t\t\t\t\t\t\t\t<div class=\"the7-simple-post-thumb\">\n\t\t\t\t\t\t\t\t\t\t<a class=\"post-thumbnail-rollover layzr-bg img-css-resize-wrapper\" aria-label=\"Post image\" href=\"https:\/\/www.czechspaceweek.com\/en\/space4women-will-take-place-this-wednesday-at-opero\/\"><img decoding=\"async\" width=\"1191\" height=\"697\" src=\"data:image\/svg+xml,%3Csvg%20xmlns%3D&#039;http%3A%2F%2Fwww.w3.org%2F2000%2Fsvg&#039;%20viewBox%3D&#039;0%200%201191%20697&#039;%2F%3E\" class=\"attachment-full size-full preload-me aspect lazy lazy-load\" alt=\"\" sizes=\"(max-width: 1191px) 100vw, 1191px\" style=\"--ratio: 1191 \/ 697;\" data-src=\"https:\/\/www.czechspaceweek.com\/wp-content\/uploads\/2022\/11\/a834914a-cbc5-ae1e-9920-b4b2f7d47598.jpg\" loading=\"eager\" data-srcset=\"https:\/\/www.czechspaceweek.com\/wp-content\/uploads\/2022\/11\/a834914a-cbc5-ae1e-9920-b4b2f7d47598.jpg 1191w, https:\/\/www.czechspaceweek.com\/wp-content\/uploads\/2022\/11\/a834914a-cbc5-ae1e-9920-b4b2f7d47598-300x176.jpg 300w, https:\/\/www.czechspaceweek.com\/wp-content\/uploads\/2022\/11\/a834914a-cbc5-ae1e-9920-b4b2f7d47598-1024x599.jpg 1024w, https:\/\/www.czechspaceweek.com\/wp-content\/uploads\/2022\/11\/a834914a-cbc5-ae1e-9920-b4b2f7d47598-768x449.jpg 768w\" \/><span class=\"the7-hover-icon\"><svg xmlns=\"http:\/\/www.w3.org\/2000\/svg\" viewBox=\"0 0 24 24\" width=\"24\" height=\"24\"><path fill=\"none\" d=\"M0 0h24v24H0z\"><\/path><path d=\"M5 10c-1.1 0-2 .9-2 2s.9 2 2 2 2-.9 2-2-.9-2-2-2zm14 0c-1.1 0-2 .9-2 2s.9 2 2 2 2-.9 2-2-.9-2-2-2zm-7 0c-1.1 0-2 .9-2 2s.9 2 2 2 2-.9 2-2-.9-2-2-2z\"><\/path><\/svg><\/span><\/a>\t\t\t\t\t\t\t\t\t<\/div>\n\t\t\t\t\t\t\t\t\t\t\t\t\t\t\t\t<div class=\"post-entry-content\">\n\t\t\t\t\t\t\t\t\t<h5 class=\"heading\"><a href=\"https:\/\/www.czechspaceweek.com\/en\/space4women-will-take-place-this-wednesday-at-opero\/\" rel=\"bookmark\" title=\"Space4Women will take place this Wednesday at OPERO\" class=\"post-title\">Space4Women will take place this Wednesday at OPERO<\/a><\/h5><div class=\"entry-meta\"><span class=\"meta-item category-link\"><a href=\"https:\/\/www.czechspaceweek.com\/rubriky\/czech-space-week\/\" rel=\"tag\">Czech Space Week<\/a><\/span><span class=\"meta-item data-link\"><time class=\"entry-date updated\" datetime=\"2022-11-29T14:52:08+01:00\">29. 11. 2022<\/time><\/span><\/div><a href=\"https:\/\/www.czechspaceweek.com\/en\/space4women-will-take-place-this-wednesday-at-opero\/\" target=\"\" aria-label=\"Read more about Space4Women will take place this Wednesday at OPERO\" class=\"box-button elementor-button elementor-size-sm\">To the article<svg xmlns=\"http:\/\/www.w3.org\/2000\/svg\" viewBox=\"0 0 24 24\" width=\"24\" height=\"24\"><path fill=\"none\" d=\"M0 0h24v24H0z\"><\/path><path d=\"M16.172 11l-5.364-5.364 1.414-1.414L20 12l-7.778 7.778-1.414-1.414L16.172 13H4v-2z\"><\/path><\/svg><\/a>\t\t\t\t\t\t\t\t<\/div>\n\t\t\t\t\t\t\t<\/div>\n\t\t\t\t\t\t<\/article>\n\t\t\t\t\t<\/div>\t\t\t\t\t\t\t\t<\/div>\n\t\t<div class=\"paginator filter-decorations paginator-more-button filter-pointer-background\">\n\t\t\t\t<a class=\"button-load-more highlighted filter-item\" href=\"javascript:void(0);\" data-dt-page=\"1\" ><span class=\"button-caption\">Load more<\/span><\/a>\n\t\t\t<\/div><\/div>\t\t\t\t<\/div>\n\t\t\t\t<\/div>\n\t\t\t\t\t<\/div>\n\t\t<\/div>\n\t\t\t\t\t<\/div>\n\t\t<\/section>\n\t\t\t\t<\/div>\n\t\t","protected":false},"excerpt":{"rendered":"<p>Latest news and articles from the world of space AllAktualityCzech Space WeekNeza\u0159azen\u00e9PodcastyTOPSTORY Czech Space News podcast #22 \u2013\u2060 Petr Kapoun Podcasty18. 12. 2022To the article Fotogalerie Czech Space Week Czech Space Week9. 12. 2022To the article Czech Space Week je za n\u00e1mi: pod\u00edvejte se na z\u00e1znam kl\u00ed\u010dov\u00fdch akc\u00ed TOPSTORY7. 12. 2022To the article Space4Women prob\u011bhne&hellip;<\/p>\n","protected":false},"author":2,"featured_media":0,"parent":0,"menu_order":50,"comment_status":"closed","ping_status":"closed","template":"","meta":{"footnotes":""},"class_list":["post-87355","page","type-page","status-publish","hentry","category-44","description-off"],"yoast_head":"<!-- This site is optimized with the Yoast SEO plugin v27.4 - https:\/\/yoast.com\/product\/yoast-seo-wordpress\/ -->\n<title>News - Czech Space Week<\/title>\n<meta name=\"robots\" content=\"index, follow, max-snippet:-1, max-image-preview:large, max-video-preview:-1\" \/>\n<link rel=\"canonical\" href=\"https:\/\/www.czechspaceweek.com\/en\/news\/\" \/>\n<meta property=\"og:locale\" content=\"en_US\" \/>\n<meta property=\"og:type\" content=\"article\" \/>\n<meta property=\"og:title\" content=\"News - Czech Space Week\" \/>\n<meta property=\"og:description\" content=\"Latest news and articles from the world of space AllAktualityCzech Space WeekNeza\u0159azen\u00e9PodcastyTOPSTORY Czech Space News podcast #22 \u2013\u2060 Petr Kapoun Podcasty18. 12. 2022To the article Fotogalerie Czech Space Week Czech Space Week9. 12. 2022To the article Czech Space Week je za n\u00e1mi: pod\u00edvejte se na z\u00e1znam kl\u00ed\u010dov\u00fdch akc\u00ed TOPSTORY7. 12. 2022To the article Space4Women prob\u011bhne&hellip;\" \/>\n<meta property=\"og:url\" content=\"https:\/\/www.czechspaceweek.com\/en\/news\/\" \/>\n<meta property=\"og:site_name\" content=\"Czech Space Week\" \/>\n<meta property=\"article:modified_time\" content=\"2023-09-26T20:48:02+00:00\" \/>\n<meta name=\"twitter:card\" content=\"summary_large_image\" \/>\n<meta name=\"twitter:label1\" content=\"Est. reading time\" \/>\n\t<meta name=\"twitter:data1\" content=\"5 minutes\" \/>\n<script type=\"application\/ld+json\" class=\"yoast-schema-graph\">{\"@context\":\"https:\\\/\\\/schema.org\",\"@graph\":[{\"@type\":\"WebPage\",\"@id\":\"https:\\\/\\\/www.czechspaceweek.com\\\/en\\\/news\\\/\",\"url\":\"https:\\\/\\\/www.czechspaceweek.com\\\/en\\\/news\\\/\",\"name\":\"News - Czech Space Week\",\"isPartOf\":{\"@id\":\"https:\\\/\\\/www.czechspaceweek.com\\\/#website\"},\"datePublished\":\"2022-01-10T17:15:15+00:00\",\"dateModified\":\"2023-09-26T20:48:02+00:00\",\"breadcrumb\":{\"@id\":\"https:\\\/\\\/www.czechspaceweek.com\\\/en\\\/news\\\/#breadcrumb\"},\"inLanguage\":\"en-US\",\"potentialAction\":[{\"@type\":\"ReadAction\",\"target\":[\"https:\\\/\\\/www.czechspaceweek.com\\\/en\\\/news\\\/\"]}]},{\"@type\":\"BreadcrumbList\",\"@id\":\"https:\\\/\\\/www.czechspaceweek.com\\\/en\\\/news\\\/#breadcrumb\",\"itemListElement\":[{\"@type\":\"ListItem\",\"position\":1,\"name\":\"Dom\u016f\",\"item\":\"https:\\\/\\\/www.czechspaceweek.com\\\/en\\\/\"},{\"@type\":\"ListItem\",\"position\":2,\"name\":\"News\"}]},{\"@type\":\"WebSite\",\"@id\":\"https:\\\/\\\/www.czechspaceweek.com\\\/#website\",\"url\":\"https:\\\/\\\/www.czechspaceweek.com\\\/\",\"name\":\"Czech Space Week\",\"description\":\"Czech Space Week p\u0159ipravuje Agentura CzechInvest a Ministerstvo dopravy \u010cR. Jedn\u00e1 se o nejv\u011bt\u0161\u00ed akci zam\u011b\u0159enou na kosmick\u00e9 aktivity v \u010cesku.\",\"publisher\":{\"@id\":\"https:\\\/\\\/www.czechspaceweek.com\\\/#organization\"},\"potentialAction\":[{\"@type\":\"SearchAction\",\"target\":{\"@type\":\"EntryPoint\",\"urlTemplate\":\"https:\\\/\\\/www.czechspaceweek.com\\\/?s={search_term_string}\"},\"query-input\":{\"@type\":\"PropertyValueSpecification\",\"valueRequired\":true,\"valueName\":\"search_term_string\"}}],\"inLanguage\":\"en-US\"},{\"@type\":\"Organization\",\"@id\":\"https:\\\/\\\/www.czechspaceweek.com\\\/#organization\",\"name\":\"Czech Space Week\",\"url\":\"https:\\\/\\\/www.czechspaceweek.com\\\/\",\"logo\":{\"@type\":\"ImageObject\",\"inLanguage\":\"en-US\",\"@id\":\"https:\\\/\\\/www.czechspaceweek.com\\\/#\\\/schema\\\/logo\\\/image\\\/\",\"url\":\"https:\\\/\\\/www.czechspaceweek.com\\\/wp-content\\\/uploads\\\/2024\\\/05\\\/CzechSpaceWeek-logo-548px.png\",\"contentUrl\":\"https:\\\/\\\/www.czechspaceweek.com\\\/wp-content\\\/uploads\\\/2024\\\/05\\\/CzechSpaceWeek-logo-548px.png\",\"width\":548,\"height\":548,\"caption\":\"Czech Space Week\"},\"image\":{\"@id\":\"https:\\\/\\\/www.czechspaceweek.com\\\/#\\\/schema\\\/logo\\\/image\\\/\"}}]}<\/script>\n<!-- \/ Yoast SEO plugin. -->","yoast_head_json":{"title":"News - Czech Space Week","robots":{"index":"index","follow":"follow","max-snippet":"max-snippet:-1","max-image-preview":"max-image-preview:large","max-video-preview":"max-video-preview:-1"},"canonical":"https:\/\/www.czechspaceweek.com\/en\/news\/","og_locale":"en_US","og_type":"article","og_title":"News - Czech Space Week","og_description":"Latest news and articles from the world of space AllAktualityCzech Space WeekNeza\u0159azen\u00e9PodcastyTOPSTORY Czech Space News podcast #22 \u2013\u2060 Petr Kapoun Podcasty18. 12. 2022To the article Fotogalerie Czech Space Week Czech Space Week9. 12. 2022To the article Czech Space Week je za n\u00e1mi: pod\u00edvejte se na z\u00e1znam kl\u00ed\u010dov\u00fdch akc\u00ed TOPSTORY7. 12. 2022To the article Space4Women prob\u011bhne&hellip;","og_url":"https:\/\/www.czechspaceweek.com\/en\/news\/","og_site_name":"Czech Space Week","article_modified_time":"2023-09-26T20:48:02+00:00","twitter_card":"summary_large_image","twitter_misc":{"Est. reading time":"5 minutes"},"schema":{"@context":"https:\/\/schema.org","@graph":[{"@type":"WebPage","@id":"https:\/\/www.czechspaceweek.com\/en\/news\/","url":"https:\/\/www.czechspaceweek.com\/en\/news\/","name":"News - Czech Space Week","isPartOf":{"@id":"https:\/\/www.czechspaceweek.com\/#website"},"datePublished":"2022-01-10T17:15:15+00:00","dateModified":"2023-09-26T20:48:02+00:00","breadcrumb":{"@id":"https:\/\/www.czechspaceweek.com\/en\/news\/#breadcrumb"},"inLanguage":"en-US","potentialAction":[{"@type":"ReadAction","target":["https:\/\/www.czechspaceweek.com\/en\/news\/"]}]},{"@type":"BreadcrumbList","@id":"https:\/\/www.czechspaceweek.com\/en\/news\/#breadcrumb","itemListElement":[{"@type":"ListItem","position":1,"name":"Dom\u016f","item":"https:\/\/www.czechspaceweek.com\/en\/"},{"@type":"ListItem","position":2,"name":"News"}]},{"@type":"WebSite","@id":"https:\/\/www.czechspaceweek.com\/#website","url":"https:\/\/www.czechspaceweek.com\/","name":"Czech Space Week","description":"Czech Space Week p\u0159ipravuje Agentura CzechInvest a Ministerstvo dopravy \u010cR. Jedn\u00e1 se o nejv\u011bt\u0161\u00ed akci zam\u011b\u0159enou na kosmick\u00e9 aktivity v \u010cesku.","publisher":{"@id":"https:\/\/www.czechspaceweek.com\/#organization"},"potentialAction":[{"@type":"SearchAction","target":{"@type":"EntryPoint","urlTemplate":"https:\/\/www.czechspaceweek.com\/?s={search_term_string}"},"query-input":{"@type":"PropertyValueSpecification","valueRequired":true,"valueName":"search_term_string"}}],"inLanguage":"en-US"},{"@type":"Organization","@id":"https:\/\/www.czechspaceweek.com\/#organization","name":"Czech Space Week","url":"https:\/\/www.czechspaceweek.com\/","logo":{"@type":"ImageObject","inLanguage":"en-US","@id":"https:\/\/www.czechspaceweek.com\/#\/schema\/logo\/image\/","url":"https:\/\/www.czechspaceweek.com\/wp-content\/uploads\/2024\/05\/CzechSpaceWeek-logo-548px.png","contentUrl":"https:\/\/www.czechspaceweek.com\/wp-content\/uploads\/2024\/05\/CzechSpaceWeek-logo-548px.png","width":548,"height":548,"caption":"Czech Space Week"},"image":{"@id":"https:\/\/www.czechspaceweek.com\/#\/schema\/logo\/image\/"}}]}},"_links":{"self":[{"href":"https:\/\/www.czechspaceweek.com\/en\/wp-json\/wp\/v2\/pages\/87355","targetHints":{"allow":["GET"]}}],"collection":[{"href":"https:\/\/www.czechspaceweek.com\/en\/wp-json\/wp\/v2\/pages"}],"about":[{"href":"https:\/\/www.czechspaceweek.com\/en\/wp-json\/wp\/v2\/types\/page"}],"author":[{"embeddable":true,"href":"https:\/\/www.czechspaceweek.com\/en\/wp-json\/wp\/v2\/users\/2"}],"replies":[{"embeddable":true,"href":"https:\/\/www.czechspaceweek.com\/en\/wp-json\/wp\/v2\/comments?post=87355"}],"version-history":[{"count":0,"href":"https:\/\/www.czechspaceweek.com\/en\/wp-json\/wp\/v2\/pages\/87355\/revisions"}],"wp:attachment":[{"href":"https:\/\/www.czechspaceweek.com\/en\/wp-json\/wp\/v2\/media?parent=87355"}],"curies":[{"name":"wp","href":"https:\/\/api.w.org\/{rel}","templated":true}]}}