{"id":90388,"date":"2025-08-04T13:08:15","date_gmt":"2025-08-04T11:08:15","guid":{"rendered":"https:\/\/www.czechspaceweek.com\/akce-czechspace\/next-stop-space-launch-your-space-career-now\/"},"modified":"2025-08-04T14:33:56","modified_gmt":"2025-08-04T12:33:56","slug":"next-stop-space-launch-your-space-career-now","status":"publish","type":"mec-events","link":"https:\/\/www.czechspaceweek.com\/en\/akce-czechspace\/next-stop-space-launch-your-space-career-now\/","title":{"rendered":"Next Stop: Space | Launch your space career now!"},"content":{"rendered":"\t\t<div data-elementor-type=\"wp-post\" data-elementor-id=\"90388\" class=\"elementor elementor-90388 elementor-90359\" data-elementor-post-type=\"mec-events\">\n\t\t\t\t<div class=\"elementor-element elementor-element-896b246 e-flex e-con-boxed e-con e-parent\" data-id=\"896b246\" data-element_type=\"container\" data-e-type=\"container\">\n\t\t\t\t\t<div class=\"e-con-inner\">\n\t\t\t\t<div class=\"elementor-element elementor-element-05ecd3e elementor-widget elementor-widget-image\" data-id=\"05ecd3e\" data-element_type=\"widget\" data-e-type=\"widget\" data-widget_type=\"image.default\">\n\t\t\t\t<div class=\"elementor-widget-container\">\n\t\t\t\t\t\t\t\t\t\t\t\t\t\t\t<img fetchpriority=\"high\" decoding=\"async\" width=\"1024\" height=\"576\" src=\"https:\/\/www.czechspaceweek.com\/wp-content\/uploads\/2025\/08\/Pristi-zastavka-Vesmir-1024x576.png\" class=\"attachment-large size-large wp-image-90362\" alt=\"\" srcset=\"https:\/\/www.czechspaceweek.com\/wp-content\/uploads\/2025\/08\/Pristi-zastavka-Vesmir-1024x576.png 1024w, https:\/\/www.czechspaceweek.com\/wp-content\/uploads\/2025\/08\/Pristi-zastavka-Vesmir-300x169.png 300w, https:\/\/www.czechspaceweek.com\/wp-content\/uploads\/2025\/08\/Pristi-zastavka-Vesmir-768x432.png 768w, https:\/\/www.czechspaceweek.com\/wp-content\/uploads\/2025\/08\/Pristi-zastavka-Vesmir-1536x864.png 1536w, https:\/\/www.czechspaceweek.com\/wp-content\/uploads\/2025\/08\/Pristi-zastavka-Vesmir-2048x1152.png 2048w\" sizes=\"(max-width: 1024px) 100vw, 1024px\" \/>\t\t\t\t\t\t\t\t\t\t\t\t\t\t\t<\/div>\n\t\t\t\t<\/div>\n\t\t\t\t<div class=\"elementor-element elementor-element-824a2cc elementor-widget-divider--view-line elementor-widget elementor-widget-divider\" data-id=\"824a2cc\" data-element_type=\"widget\" data-e-type=\"widget\" data-widget_type=\"divider.default\">\n\t\t\t\t<div class=\"elementor-widget-container\">\n\t\t\t\t\t\t\t<div class=\"elementor-divider\">\n\t\t\t<span class=\"elementor-divider-separator\">\n\t\t\t\t\t\t<\/span>\n\t\t<\/div>\n\t\t\t\t\t\t<\/div>\n\t\t\t\t<\/div>\n\t\t\t\t<div class=\"elementor-element elementor-element-743b5eb0 elementor-widget elementor-widget-text-editor\" data-id=\"743b5eb0\" data-element_type=\"widget\" data-e-type=\"widget\" data-widget_type=\"text-editor.default\">\n\t\t\t\t<div class=\"elementor-widget-container\">\n\t\t\t\t\t\t\t\t\t<p>Conference for high school and university students within the Czech Space Week 2025 who are interested in opportunities related to the space industry in the Czech Republic and activities that can improve their development in this direction.<\/p>\n<p>The main goal of the conference is to introduce students to opportunities during and after their studies, current issues and to motivate them to further their education in this direction and to connect with people with similar interests. Speakers will include representatives from major conceivable sectors such as industry, science, universities, high schools and government. <\/p>\n<p>There will be opportunities to follow up on agenda items directly with guests and other participants during refreshment breaks and after the main program.<\/p>\n\t\t\t\t\t\t\t\t<\/div>\n\t\t\t\t<\/div>\n\t\t\t\t<div class=\"elementor-element elementor-element-e9a71ca elementor-widget-divider--view-line elementor-widget elementor-widget-divider\" data-id=\"e9a71ca\" data-element_type=\"widget\" data-e-type=\"widget\" data-widget_type=\"divider.default\">\n\t\t\t\t<div class=\"elementor-widget-container\">\n\t\t\t\t\t\t\t<div class=\"elementor-divider\">\n\t\t\t<span class=\"elementor-divider-separator\">\n\t\t\t\t\t\t<\/span>\n\t\t<\/div>\n\t\t\t\t\t\t<\/div>\n\t\t\t\t<\/div>\n\t\t\t\t<div class=\"elementor-element elementor-element-cae7cf7 elementor-button-danger elementor-widget elementor-widget-button\" data-id=\"cae7cf7\" data-element_type=\"widget\" data-e-type=\"widget\" data-widget_type=\"button.default\">\n\t\t\t\t<div class=\"elementor-widget-container\">\n\t\t\t\t\t\t\t\t\t<div class=\"elementor-button-wrapper\">\n\t\t\t\t\t<a class=\"elementor-button elementor-button-link elementor-size-sm\" href=\"https:\/\/forms.gle\/xEBrFkdXnDVtEX8M6\">\n\t\t\t\t\t\t<span class=\"elementor-button-content-wrapper\">\n\t\t\t\t\t\t\t\t\t<span class=\"elementor-button-text\">Registration<\/span>\n\t\t\t\t\t<\/span>\n\t\t\t\t\t<\/a>\n\t\t\t\t<\/div>\n\t\t\t\t\t\t\t\t<\/div>\n\t\t\t\t<\/div>\n\t\t\t\t<div class=\"elementor-element elementor-element-a5e6c1e elementor-widget-divider--view-line elementor-widget elementor-widget-divider\" data-id=\"a5e6c1e\" data-element_type=\"widget\" data-e-type=\"widget\" data-widget_type=\"divider.default\">\n\t\t\t\t<div class=\"elementor-widget-container\">\n\t\t\t\t\t\t\t<div class=\"elementor-divider\">\n\t\t\t<span class=\"elementor-divider-separator\">\n\t\t\t\t\t\t<\/span>\n\t\t<\/div>\n\t\t\t\t\t\t<\/div>\n\t\t\t\t<\/div>\n\t\t\t\t<div class=\"elementor-element elementor-element-28c4937 elementor-widget elementor-widget-text-editor\" data-id=\"28c4937\" data-element_type=\"widget\" data-e-type=\"widget\" data-widget_type=\"text-editor.default\">\n\t\t\t\t<div class=\"elementor-widget-container\">\n\t\t\t\t\t\t\t\t\t<p>All information will be shared on the social networks of the Education Office of the European Space Agency ESERO Czech Republic: <a href=\"https:\/\/eur01.safelinks.protection.outlook.com\/?url=https%3A%2F%2Fwww.facebook.com%2Feserocz&amp;data=05%7C02%7Cmichaela.honova%40czechinvest.gov.cz%7Cccc7bb773d054d0e4f5408ddc9d55ad5%7Cfa0bc8abb4c743b1af231802d1950796%7C0%7C0%7C638888640390642292%7CUnknown%7CTWFpbGZsb3d8eyJFbXB0eU1hcGkiOnRydWUsIlYiOiIwLjAuMDAwMCIsIlAiOiJXaW4zMiIsIkFOIjoiTWFpbCIsIldUIjoyfQ%3D%3D%7C0%7C%7C%7C&amp;sdata=3Z9%2BYZe3WRkdzyJljrgAOSxDVntwsib41Vl1br6BD8U%3D&amp;reserved=0\">Facebook<\/a>, <a href=\"https:\/\/eur01.safelinks.protection.outlook.com\/?url=https%3A%2F%2Fwww.instagram.com%2Feserocz%2F&amp;data=05%7C02%7Cmichaela.honova%40czechinvest.gov.cz%7Cccc7bb773d054d0e4f5408ddc9d55ad5%7Cfa0bc8abb4c743b1af231802d1950796%7C0%7C0%7C638888640390663604%7CUnknown%7CTWFpbGZsb3d8eyJFbXB0eU1hcGkiOnRydWUsIlYiOiIwLjAuMDAwMCIsIlAiOiJXaW4zMiIsIkFOIjoiTWFpbCIsIldUIjoyfQ%3D%3D%7C0%7C%7C%7C&amp;sdata=m1d8KRXP%2FdDwB9reJiASDRi6pnfleZlI3O33wdaRJgY%3D&amp;reserved=0\">Instagram<\/a>, <a href=\"https:\/\/eur01.safelinks.protection.outlook.com\/?url=https%3A%2F%2Fx.com%2Feserocz&amp;data=05%7C02%7Cmichaela.honova%40czechinvest.gov.cz%7Cccc7bb773d054d0e4f5408ddc9d55ad5%7Cfa0bc8abb4c743b1af231802d1950796%7C0%7C0%7C638888640390678486%7CUnknown%7CTWFpbGZsb3d8eyJFbXB0eU1hcGkiOnRydWUsIlYiOiIwLjAuMDAwMCIsIlAiOiJXaW4zMiIsIkFOIjoiTWFpbCIsIldUIjoyfQ%3D%3D%7C0%7C%7C%7C&amp;sdata=tMv6XzyoeobgYDNBpGmaYZwPXxypGJAQk7JdMsu4Cvg%3D&amp;reserved=0\">X (Twitter)<\/a>, <a href=\"https:\/\/eur01.safelinks.protection.outlook.com\/?url=https%3A%2F%2Fwww.linkedin.com%2Fcompany%2Fesero-ceska-republika%2F&amp;data=05%7C02%7Cmichaela.honova%40czechinvest.gov.cz%7Cccc7bb773d054d0e4f5408ddc9d55ad5%7Cfa0bc8abb4c743b1af231802d1950796%7C0%7C0%7C638888640390692857%7CUnknown%7CTWFpbGZsb3d8eyJFbXB0eU1hcGkiOnRydWUsIlYiOiIwLjAuMDAwMCIsIlAiOiJXaW4zMiIsIkFOIjoiTWFpbCIsIldUIjoyfQ%3D%3D%7C0%7C%7C%7C&amp;sdata=ZTU58NNJoh5qsJpIzonB6fyP5edI0dW4K8Xsgr1HnXg%3D&amp;reserved=0\">LinkedIn<\/a><\/p>\n\t\t\t\t\t\t\t\t<\/div>\n\t\t\t\t<\/div>\n\t\t\t\t\t<\/div>\n\t\t\t\t<\/div>\n\t\t\t\t<\/div>\n\t\t","protected":false},"excerpt":{"rendered":"<p>Conference for high school and university students within the Czech Space Week 2025 who are interested in opportunities related to the space industry in the Czech Republic and activities that can improve their development in this direction. The main goal of the conference is to introduce students to opportunities during and after their studies, current&hellip;<\/p>\n","protected":false},"author":8,"featured_media":90362,"comment_status":"closed","ping_status":"closed","template":"","tags":[],"mec_category":[272,383],"class_list":["post-90388","mec-events","type-mec-events","status-publish","has-post-thumbnail","hentry","mec_category-csw-en","mec_category-students"],"yoast_head":"<!-- This site is optimized with the Yoast SEO plugin v27.5 - https:\/\/yoast.com\/product\/yoast-seo-wordpress\/ -->\n<title>Next Stop: Space | Launch your space career now! - Czech Space Week<\/title>\n<meta name=\"robots\" content=\"index, follow, max-snippet:-1, max-image-preview:large, max-video-preview:-1\" \/>\n<link rel=\"canonical\" href=\"https:\/\/www.czechspaceweek.com\/en\/akce-czechspace\/next-stop-space-launch-your-space-career-now\/\" \/>\n<meta property=\"og:locale\" content=\"en_US\" \/>\n<meta property=\"og:type\" content=\"article\" \/>\n<meta property=\"og:title\" content=\"Next Stop: Space | Launch your space career now! - Czech Space Week\" \/>\n<meta property=\"og:description\" content=\"Conference for high school and university students within the Czech Space Week 2025 who are interested in opportunities related to the space industry in the Czech Republic and activities that can improve their development in this direction. The main goal of the conference is to introduce students to opportunities during and after their studies, current&hellip;\" \/>\n<meta property=\"og:url\" content=\"https:\/\/www.czechspaceweek.com\/en\/akce-czechspace\/next-stop-space-launch-your-space-career-now\/\" \/>\n<meta property=\"og:site_name\" content=\"Czech Space Week\" \/>\n<meta property=\"article:modified_time\" content=\"2025-08-04T12:33:56+00:00\" \/>\n<meta property=\"og:image\" content=\"https:\/\/www.czechspaceweek.com\/wp-content\/uploads\/2025\/08\/Pristi-zastavka-Vesmir-1024x576.png\" \/>\n\t<meta property=\"og:image:width\" content=\"1024\" \/>\n\t<meta property=\"og:image:height\" content=\"576\" \/>\n\t<meta property=\"og:image:type\" content=\"image\/png\" \/>\n<meta name=\"twitter:card\" content=\"summary_large_image\" \/>\n<meta name=\"twitter:label1\" content=\"Est. reading time\" \/>\n\t<meta name=\"twitter:data1\" content=\"1 minute\" \/>\n<script type=\"application\/ld+json\" class=\"yoast-schema-graph\">{\"@context\":\"https:\\\/\\\/schema.org\",\"@graph\":[{\"@type\":\"WebPage\",\"@id\":\"https:\\\/\\\/www.czechspaceweek.com\\\/en\\\/akce-czechspace\\\/next-stop-space-launch-your-space-career-now\\\/\",\"url\":\"https:\\\/\\\/www.czechspaceweek.com\\\/en\\\/akce-czechspace\\\/next-stop-space-launch-your-space-career-now\\\/\",\"name\":\"Next Stop: Space | Launch your space career now! - Czech Space Week\",\"isPartOf\":{\"@id\":\"https:\\\/\\\/www.czechspaceweek.com\\\/#website\"},\"primaryImageOfPage\":{\"@id\":\"https:\\\/\\\/www.czechspaceweek.com\\\/en\\\/akce-czechspace\\\/next-stop-space-launch-your-space-career-now\\\/#primaryimage\"},\"image\":{\"@id\":\"https:\\\/\\\/www.czechspaceweek.com\\\/en\\\/akce-czechspace\\\/next-stop-space-launch-your-space-career-now\\\/#primaryimage\"},\"thumbnailUrl\":\"https:\\\/\\\/www.czechspaceweek.com\\\/wp-content\\\/uploads\\\/2025\\\/08\\\/Pristi-zastavka-Vesmir.png\",\"datePublished\":\"2025-08-04T11:08:15+00:00\",\"dateModified\":\"2025-08-04T12:33:56+00:00\",\"breadcrumb\":{\"@id\":\"https:\\\/\\\/www.czechspaceweek.com\\\/en\\\/akce-czechspace\\\/next-stop-space-launch-your-space-career-now\\\/#breadcrumb\"},\"inLanguage\":\"en-US\",\"potentialAction\":[{\"@type\":\"ReadAction\",\"target\":[\"https:\\\/\\\/www.czechspaceweek.com\\\/en\\\/akce-czechspace\\\/next-stop-space-launch-your-space-career-now\\\/\"]}]},{\"@type\":\"ImageObject\",\"inLanguage\":\"en-US\",\"@id\":\"https:\\\/\\\/www.czechspaceweek.com\\\/en\\\/akce-czechspace\\\/next-stop-space-launch-your-space-career-now\\\/#primaryimage\",\"url\":\"https:\\\/\\\/www.czechspaceweek.com\\\/wp-content\\\/uploads\\\/2025\\\/08\\\/Pristi-zastavka-Vesmir.png\",\"contentUrl\":\"https:\\\/\\\/www.czechspaceweek.com\\\/wp-content\\\/uploads\\\/2025\\\/08\\\/Pristi-zastavka-Vesmir.png\",\"width\":3840,\"height\":2160},{\"@type\":\"BreadcrumbList\",\"@id\":\"https:\\\/\\\/www.czechspaceweek.com\\\/en\\\/akce-czechspace\\\/next-stop-space-launch-your-space-career-now\\\/#breadcrumb\",\"itemListElement\":[{\"@type\":\"ListItem\",\"position\":1,\"name\":\"Dom\u016f\",\"item\":\"https:\\\/\\\/www.czechspaceweek.com\\\/en\\\/\"},{\"@type\":\"ListItem\",\"position\":2,\"name\":\"Events\",\"item\":\"https:\\\/\\\/www.czechspaceweek.com\\\/en\\\/akce-czechspace\\\/\"},{\"@type\":\"ListItem\",\"position\":3,\"name\":\"Next Stop: Space | Launch your space career now!\"}]},{\"@type\":\"WebSite\",\"@id\":\"https:\\\/\\\/www.czechspaceweek.com\\\/#website\",\"url\":\"https:\\\/\\\/www.czechspaceweek.com\\\/\",\"name\":\"Czech Space Week\",\"description\":\"Czech Space Week p\u0159ipravuje Agentura CzechInvest a Ministerstvo dopravy \u010cR. Jedn\u00e1 se o nejv\u011bt\u0161\u00ed akci zam\u011b\u0159enou na kosmick\u00e9 aktivity v \u010cesku.\",\"publisher\":{\"@id\":\"https:\\\/\\\/www.czechspaceweek.com\\\/#organization\"},\"potentialAction\":[{\"@type\":\"SearchAction\",\"target\":{\"@type\":\"EntryPoint\",\"urlTemplate\":\"https:\\\/\\\/www.czechspaceweek.com\\\/?s={search_term_string}\"},\"query-input\":{\"@type\":\"PropertyValueSpecification\",\"valueRequired\":true,\"valueName\":\"search_term_string\"}}],\"inLanguage\":\"en-US\"},{\"@type\":\"Organization\",\"@id\":\"https:\\\/\\\/www.czechspaceweek.com\\\/#organization\",\"name\":\"Czech Space Week\",\"url\":\"https:\\\/\\\/www.czechspaceweek.com\\\/\",\"logo\":{\"@type\":\"ImageObject\",\"inLanguage\":\"en-US\",\"@id\":\"https:\\\/\\\/www.czechspaceweek.com\\\/#\\\/schema\\\/logo\\\/image\\\/\",\"url\":\"https:\\\/\\\/www.czechspaceweek.com\\\/wp-content\\\/uploads\\\/2024\\\/05\\\/CzechSpaceWeek-logo-548px.png\",\"contentUrl\":\"https:\\\/\\\/www.czechspaceweek.com\\\/wp-content\\\/uploads\\\/2024\\\/05\\\/CzechSpaceWeek-logo-548px.png\",\"width\":548,\"height\":548,\"caption\":\"Czech Space Week\"},\"image\":{\"@id\":\"https:\\\/\\\/www.czechspaceweek.com\\\/#\\\/schema\\\/logo\\\/image\\\/\"}}]}<\/script>\n<!-- \/ Yoast SEO plugin. -->","yoast_head_json":{"title":"Next Stop: Space | Launch your space career now! - Czech Space Week","robots":{"index":"index","follow":"follow","max-snippet":"max-snippet:-1","max-image-preview":"max-image-preview:large","max-video-preview":"max-video-preview:-1"},"canonical":"https:\/\/www.czechspaceweek.com\/en\/akce-czechspace\/next-stop-space-launch-your-space-career-now\/","og_locale":"en_US","og_type":"article","og_title":"Next Stop: Space | Launch your space career now! - Czech Space Week","og_description":"Conference for high school and university students within the Czech Space Week 2025 who are interested in opportunities related to the space industry in the Czech Republic and activities that can improve their development in this direction. The main goal of the conference is to introduce students to opportunities during and after their studies, current&hellip;","og_url":"https:\/\/www.czechspaceweek.com\/en\/akce-czechspace\/next-stop-space-launch-your-space-career-now\/","og_site_name":"Czech Space Week","article_modified_time":"2025-08-04T12:33:56+00:00","og_image":[{"width":1024,"height":576,"url":"https:\/\/www.czechspaceweek.com\/wp-content\/uploads\/2025\/08\/Pristi-zastavka-Vesmir-1024x576.png","type":"image\/png"}],"twitter_card":"summary_large_image","twitter_misc":{"Est. reading time":"1 minute"},"schema":{"@context":"https:\/\/schema.org","@graph":[{"@type":"WebPage","@id":"https:\/\/www.czechspaceweek.com\/en\/akce-czechspace\/next-stop-space-launch-your-space-career-now\/","url":"https:\/\/www.czechspaceweek.com\/en\/akce-czechspace\/next-stop-space-launch-your-space-career-now\/","name":"Next Stop: Space | Launch your space career now! - Czech Space Week","isPartOf":{"@id":"https:\/\/www.czechspaceweek.com\/#website"},"primaryImageOfPage":{"@id":"https:\/\/www.czechspaceweek.com\/en\/akce-czechspace\/next-stop-space-launch-your-space-career-now\/#primaryimage"},"image":{"@id":"https:\/\/www.czechspaceweek.com\/en\/akce-czechspace\/next-stop-space-launch-your-space-career-now\/#primaryimage"},"thumbnailUrl":"https:\/\/www.czechspaceweek.com\/wp-content\/uploads\/2025\/08\/Pristi-zastavka-Vesmir.png","datePublished":"2025-08-04T11:08:15+00:00","dateModified":"2025-08-04T12:33:56+00:00","breadcrumb":{"@id":"https:\/\/www.czechspaceweek.com\/en\/akce-czechspace\/next-stop-space-launch-your-space-career-now\/#breadcrumb"},"inLanguage":"en-US","potentialAction":[{"@type":"ReadAction","target":["https:\/\/www.czechspaceweek.com\/en\/akce-czechspace\/next-stop-space-launch-your-space-career-now\/"]}]},{"@type":"ImageObject","inLanguage":"en-US","@id":"https:\/\/www.czechspaceweek.com\/en\/akce-czechspace\/next-stop-space-launch-your-space-career-now\/#primaryimage","url":"https:\/\/www.czechspaceweek.com\/wp-content\/uploads\/2025\/08\/Pristi-zastavka-Vesmir.png","contentUrl":"https:\/\/www.czechspaceweek.com\/wp-content\/uploads\/2025\/08\/Pristi-zastavka-Vesmir.png","width":3840,"height":2160},{"@type":"BreadcrumbList","@id":"https:\/\/www.czechspaceweek.com\/en\/akce-czechspace\/next-stop-space-launch-your-space-career-now\/#breadcrumb","itemListElement":[{"@type":"ListItem","position":1,"name":"Dom\u016f","item":"https:\/\/www.czechspaceweek.com\/en\/"},{"@type":"ListItem","position":2,"name":"Events","item":"https:\/\/www.czechspaceweek.com\/en\/akce-czechspace\/"},{"@type":"ListItem","position":3,"name":"Next Stop: Space | Launch your space career now!"}]},{"@type":"WebSite","@id":"https:\/\/www.czechspaceweek.com\/#website","url":"https:\/\/www.czechspaceweek.com\/","name":"Czech Space Week","description":"Czech Space Week p\u0159ipravuje Agentura CzechInvest a Ministerstvo dopravy \u010cR. Jedn\u00e1 se o nejv\u011bt\u0161\u00ed akci zam\u011b\u0159enou na kosmick\u00e9 aktivity v \u010cesku.","publisher":{"@id":"https:\/\/www.czechspaceweek.com\/#organization"},"potentialAction":[{"@type":"SearchAction","target":{"@type":"EntryPoint","urlTemplate":"https:\/\/www.czechspaceweek.com\/?s={search_term_string}"},"query-input":{"@type":"PropertyValueSpecification","valueRequired":true,"valueName":"search_term_string"}}],"inLanguage":"en-US"},{"@type":"Organization","@id":"https:\/\/www.czechspaceweek.com\/#organization","name":"Czech Space Week","url":"https:\/\/www.czechspaceweek.com\/","logo":{"@type":"ImageObject","inLanguage":"en-US","@id":"https:\/\/www.czechspaceweek.com\/#\/schema\/logo\/image\/","url":"https:\/\/www.czechspaceweek.com\/wp-content\/uploads\/2024\/05\/CzechSpaceWeek-logo-548px.png","contentUrl":"https:\/\/www.czechspaceweek.com\/wp-content\/uploads\/2024\/05\/CzechSpaceWeek-logo-548px.png","width":548,"height":548,"caption":"Czech Space Week"},"image":{"@id":"https:\/\/www.czechspaceweek.com\/#\/schema\/logo\/image\/"}}]}},"_links":{"self":[{"href":"https:\/\/www.czechspaceweek.com\/en\/wp-json\/wp\/v2\/mec-events\/90388","targetHints":{"allow":["GET"]}}],"collection":[{"href":"https:\/\/www.czechspaceweek.com\/en\/wp-json\/wp\/v2\/mec-events"}],"about":[{"href":"https:\/\/www.czechspaceweek.com\/en\/wp-json\/wp\/v2\/types\/mec-events"}],"author":[{"embeddable":true,"href":"https:\/\/www.czechspaceweek.com\/en\/wp-json\/wp\/v2\/users\/8"}],"replies":[{"embeddable":true,"href":"https:\/\/www.czechspaceweek.com\/en\/wp-json\/wp\/v2\/comments?post=90388"}],"version-history":[{"count":1,"href":"https:\/\/www.czechspaceweek.com\/en\/wp-json\/wp\/v2\/mec-events\/90388\/revisions"}],"predecessor-version":[{"id":90389,"href":"https:\/\/www.czechspaceweek.com\/en\/wp-json\/wp\/v2\/mec-events\/90388\/revisions\/90389"}],"wp:featuredmedia":[{"embeddable":true,"href":"https:\/\/www.czechspaceweek.com\/en\/wp-json\/wp\/v2\/media\/90362"}],"wp:attachment":[{"href":"https:\/\/www.czechspaceweek.com\/en\/wp-json\/wp\/v2\/media?parent=90388"}],"wp:term":[{"taxonomy":"post_tag","embeddable":true,"href":"https:\/\/www.czechspaceweek.com\/en\/wp-json\/wp\/v2\/tags?post=90388"},{"taxonomy":"mec_category","embeddable":true,"href":"https:\/\/www.czechspaceweek.com\/en\/wp-json\/wp\/v2\/mec_category?post=90388"}],"curies":[{"name":"wp","href":"https:\/\/api.w.org\/{rel}","templated":true}]}}