{"id":88625,"date":"2024-08-09T16:21:53","date_gmt":"2024-08-09T14:21:53","guid":{"rendered":"https:\/\/www.czechspaceweek.com\/akce-czechspace\/space2business-2-2\/"},"modified":"2024-10-11T11:37:52","modified_gmt":"2024-10-11T09:37:52","slug":"space2business-2-2","status":"publish","type":"mec-events","link":"https:\/\/www.czechspaceweek.com\/en\/akce-czechspace\/space2business-2-2\/","title":{"rendered":"Space2Business &#8211; Day 2"},"content":{"rendered":"\t\t<div data-elementor-type=\"wp-post\" data-elementor-id=\"88625\" class=\"elementor elementor-88625 elementor-88623\" data-elementor-post-type=\"mec-events\">\n\t\t\t\t<div class=\"elementor-element elementor-element-0e26c5f e-flex e-con-boxed e-con e-parent\" data-id=\"0e26c5f\" data-element_type=\"container\" data-e-type=\"container\">\n\t\t\t\t\t<div class=\"e-con-inner\">\n\t\t<div class=\"elementor-element elementor-element-04f5e52 e-con-full e-flex e-con e-child\" data-id=\"04f5e52\" data-element_type=\"container\" data-e-type=\"container\">\n\t\t\t\t<div class=\"elementor-element elementor-element-4e1ecab elementor-widget elementor-widget-the7_button_widget\" data-id=\"4e1ecab\" data-element_type=\"widget\" data-e-type=\"widget\" data-widget_type=\"the7_button_widget.default\">\n\t\t\t\t<div class=\"elementor-widget-container\">\n\t\t\t\t\t<div class=\"elementor-button-wrapper\"><a href=\"https:\/\/events.czechinvest.org\/events\/space2business2024%20\" class=\"box-button elementor-button elementor-size-lg\">Registration<\/a><\/div>\t\t\t\t<\/div>\n\t\t\t\t<\/div>\n\t\t\t\t<\/div>\n\t\t\t\t\t<\/div>\n\t\t\t\t<\/div>\n\t\t<div class=\"elementor-element elementor-element-57c6418b e-flex e-con-boxed e-con e-parent\" data-id=\"57c6418b\" data-element_type=\"container\" data-e-type=\"container\">\n\t\t\t\t\t<div class=\"e-con-inner\">\n\t\t\t\t<div class=\"elementor-element elementor-element-10c809eb elementor-widget elementor-widget-text-editor\" data-id=\"10c809eb\" data-element_type=\"widget\" data-e-type=\"widget\" data-widget_type=\"text-editor.default\">\n\t\t\t\t<div class=\"elementor-widget-container\">\n\t\t\t\t\t\t\t\t\t<p>Space2Business is the right place for your space business in the CEE region!<br \/>This year&#8217;s edition will take place again in Prague, a city that is home not only to the European Union Space Programme Agency, but also to countless innovative companies and startups, cutting-edge programmes supporting technological innovation, research institutions and other entities looking for collaboration and market opportunities.<\/p><p>Space2Business is a two-day industry event that includes inspiring conference panels, informative workshops and targeted B2B meetings to gain knowledge and new business contacts. What you can look forward to:<br \/>\u25ba The Space Business Fair, featuring key players in the space industry from the CEE region and beyond.<br \/>Are you interested in a stand with your company presentation?<br \/>Contact us at sylvie.abbasova@czechinvest.org. <br \/>\u25ba Brokerage session &#8211; B2B meetings between companies, startups, research institutions and other interested parties looking for cooperation and market opportunities.<br \/>\u25ba Conference panels on cooperation between regions and sectors (TBA programme).<br \/>\u25ba Side events &#8211; smaller events, presentations and round tables dealing with specific industry topics<\/p><p>Target audience:<br \/>\u25ba Representatives of the space and non-space industry (startups, SMEs and corporations)<br \/>\u25ba Investors, VC funds and business angels<br \/>\u25ba Representatives of the government<br \/>\u25ba Incubators and accelerators<br \/>\u25ba Academia, universities and R&amp;D centres<br \/>\u25ba Students and young professionals<\/p>\t\t\t\t\t\t\t\t<\/div>\n\t\t\t\t<\/div>\n\t\t\t\t\t<\/div>\n\t\t\t\t<\/div>\n\t\t<div class=\"elementor-element elementor-element-63110cc e-flex e-con-boxed e-con e-parent\" data-id=\"63110cc\" data-element_type=\"container\" data-e-type=\"container\">\n\t\t\t\t\t<div class=\"e-con-inner\">\n\t\t\t\t<div class=\"elementor-element elementor-element-bfa5dca elementor-widget elementor-widget-image\" data-id=\"bfa5dca\" data-element_type=\"widget\" data-e-type=\"widget\" data-widget_type=\"image.default\">\n\t\t\t\t<div class=\"elementor-widget-container\">\n\t\t\t\t\t\t\t\t\t\t\t\t\t\t\t<img fetchpriority=\"high\" decoding=\"async\" width=\"1024\" height=\"576\" src=\"https:\/\/www.czechspaceweek.com\/wp-content\/uploads\/2024\/08\/S2B_1920x1080-1024x576.png\" class=\"attachment-large size-large wp-image-88987\" alt=\"\" srcset=\"https:\/\/www.czechspaceweek.com\/wp-content\/uploads\/2024\/08\/S2B_1920x1080-1024x576.png 1024w, https:\/\/www.czechspaceweek.com\/wp-content\/uploads\/2024\/08\/S2B_1920x1080-300x169.png 300w, https:\/\/www.czechspaceweek.com\/wp-content\/uploads\/2024\/08\/S2B_1920x1080-768x432.png 768w, https:\/\/www.czechspaceweek.com\/wp-content\/uploads\/2024\/08\/S2B_1920x1080-1536x864.png 1536w, https:\/\/www.czechspaceweek.com\/wp-content\/uploads\/2024\/08\/S2B_1920x1080.png 1920w\" sizes=\"(max-width: 1024px) 100vw, 1024px\" \/>\t\t\t\t\t\t\t\t\t\t\t\t\t\t\t<\/div>\n\t\t\t\t<\/div>\n\t\t\t\t\t<\/div>\n\t\t\t\t<\/div>\n\t\t\t\t<\/div>\n\t\t","protected":false},"excerpt":{"rendered":"<p>Registration Space2Business is the right place for your space business in the CEE region!This year&#8217;s edition will take place again in Prague, a city that is home not only to the European Union Space Programme Agency, but also to countless innovative companies and startups, cutting-edge programmes supporting technological innovation, research institutions and other entities looking&hellip;<\/p>\n","protected":false},"author":8,"featured_media":89023,"comment_status":"closed","ping_status":"closed","template":"","tags":[],"mec_category":[283,272,380],"class_list":["post-88625","mec-events","type-mec-events","status-publish","has-post-thumbnail","hentry","mec_category-companies","mec_category-csw-en","mec_category-startups-and-investors"],"yoast_head":"<!-- This site is optimized with the Yoast SEO plugin v27.5 - https:\/\/yoast.com\/product\/yoast-seo-wordpress\/ -->\n<title>Space2Business - Day 2 - Czech Space Week<\/title>\n<meta name=\"robots\" content=\"index, follow, max-snippet:-1, max-image-preview:large, max-video-preview:-1\" \/>\n<link rel=\"canonical\" href=\"https:\/\/www.czechspaceweek.com\/akce-czechspace\/s2b-2\/\" \/>\n<meta property=\"og:locale\" content=\"en_US\" \/>\n<meta property=\"og:type\" content=\"article\" \/>\n<meta property=\"og:title\" content=\"Space2Business - Day 2 - Czech Space Week\" \/>\n<meta property=\"og:description\" content=\"Registration Space2Business is the right place for your space business in the CEE region!This year&#8217;s edition will take place again in Prague, a city that is home not only to the European Union Space Programme Agency, but also to countless innovative companies and startups, cutting-edge programmes supporting technological innovation, research institutions and other entities looking&hellip;\" \/>\n<meta property=\"og:url\" content=\"https:\/\/www.czechspaceweek.com\/akce-czechspace\/s2b-2\/\" \/>\n<meta property=\"og:site_name\" content=\"Czech Space Week\" \/>\n<meta property=\"article:modified_time\" content=\"2024-10-11T09:37:52+00:00\" \/>\n<meta property=\"og:image\" content=\"https:\/\/www.czechspaceweek.com\/wp-content\/uploads\/2024\/08\/S2B_1920x1080-1.jpg\" \/>\n\t<meta property=\"og:image:width\" content=\"1920\" \/>\n\t<meta property=\"og:image:height\" content=\"1080\" \/>\n\t<meta property=\"og:image:type\" content=\"image\/jpeg\" \/>\n<meta name=\"twitter:card\" content=\"summary_large_image\" \/>\n<meta name=\"twitter:label1\" content=\"Est. reading time\" \/>\n\t<meta name=\"twitter:data1\" content=\"2 minutes\" \/>\n<script type=\"application\/ld+json\" class=\"yoast-schema-graph\">{\"@context\":\"https:\\\/\\\/schema.org\",\"@graph\":[{\"@type\":\"WebPage\",\"@id\":\"https:\\\/\\\/www.czechspaceweek.com\\\/akce-czechspace\\\/s2b-2\\\/\",\"url\":\"https:\\\/\\\/www.czechspaceweek.com\\\/akce-czechspace\\\/s2b-2\\\/\",\"name\":\"Space2Business - Day 2 - Czech Space Week\",\"isPartOf\":{\"@id\":\"https:\\\/\\\/www.czechspaceweek.com\\\/#website\"},\"primaryImageOfPage\":{\"@id\":\"https:\\\/\\\/www.czechspaceweek.com\\\/akce-czechspace\\\/s2b-2\\\/#primaryimage\"},\"image\":{\"@id\":\"https:\\\/\\\/www.czechspaceweek.com\\\/akce-czechspace\\\/s2b-2\\\/#primaryimage\"},\"thumbnailUrl\":\"https:\\\/\\\/www.czechspaceweek.com\\\/wp-content\\\/uploads\\\/2024\\\/08\\\/S2B_1920x1080-1.jpg\",\"datePublished\":\"2024-08-09T14:21:53+00:00\",\"dateModified\":\"2024-10-11T09:37:52+00:00\",\"breadcrumb\":{\"@id\":\"https:\\\/\\\/www.czechspaceweek.com\\\/akce-czechspace\\\/s2b-2\\\/#breadcrumb\"},\"inLanguage\":\"en-US\",\"potentialAction\":[{\"@type\":\"ReadAction\",\"target\":[\"https:\\\/\\\/www.czechspaceweek.com\\\/akce-czechspace\\\/s2b-2\\\/\"]}]},{\"@type\":\"ImageObject\",\"inLanguage\":\"en-US\",\"@id\":\"https:\\\/\\\/www.czechspaceweek.com\\\/akce-czechspace\\\/s2b-2\\\/#primaryimage\",\"url\":\"https:\\\/\\\/www.czechspaceweek.com\\\/wp-content\\\/uploads\\\/2024\\\/08\\\/S2B_1920x1080-1.jpg\",\"contentUrl\":\"https:\\\/\\\/www.czechspaceweek.com\\\/wp-content\\\/uploads\\\/2024\\\/08\\\/S2B_1920x1080-1.jpg\",\"width\":1920,\"height\":1080},{\"@type\":\"BreadcrumbList\",\"@id\":\"https:\\\/\\\/www.czechspaceweek.com\\\/akce-czechspace\\\/s2b-2\\\/#breadcrumb\",\"itemListElement\":[{\"@type\":\"ListItem\",\"position\":1,\"name\":\"Dom\u016f\",\"item\":\"https:\\\/\\\/www.czechspaceweek.com\\\/en\\\/\"},{\"@type\":\"ListItem\",\"position\":2,\"name\":\"Events\",\"item\":\"https:\\\/\\\/www.czechspaceweek.com\\\/en\\\/akce-czechspace\\\/\"},{\"@type\":\"ListItem\",\"position\":3,\"name\":\"Space2Business &#8211; Day 2\"}]},{\"@type\":\"WebSite\",\"@id\":\"https:\\\/\\\/www.czechspaceweek.com\\\/#website\",\"url\":\"https:\\\/\\\/www.czechspaceweek.com\\\/\",\"name\":\"Czech Space Week\",\"description\":\"Czech Space Week p\u0159ipravuje Agentura CzechInvest a Ministerstvo dopravy \u010cR. Jedn\u00e1 se o nejv\u011bt\u0161\u00ed akci zam\u011b\u0159enou na kosmick\u00e9 aktivity v \u010cesku.\",\"publisher\":{\"@id\":\"https:\\\/\\\/www.czechspaceweek.com\\\/#organization\"},\"potentialAction\":[{\"@type\":\"SearchAction\",\"target\":{\"@type\":\"EntryPoint\",\"urlTemplate\":\"https:\\\/\\\/www.czechspaceweek.com\\\/?s={search_term_string}\"},\"query-input\":{\"@type\":\"PropertyValueSpecification\",\"valueRequired\":true,\"valueName\":\"search_term_string\"}}],\"inLanguage\":\"en-US\"},{\"@type\":\"Organization\",\"@id\":\"https:\\\/\\\/www.czechspaceweek.com\\\/#organization\",\"name\":\"Czech Space Week\",\"url\":\"https:\\\/\\\/www.czechspaceweek.com\\\/\",\"logo\":{\"@type\":\"ImageObject\",\"inLanguage\":\"en-US\",\"@id\":\"https:\\\/\\\/www.czechspaceweek.com\\\/#\\\/schema\\\/logo\\\/image\\\/\",\"url\":\"https:\\\/\\\/www.czechspaceweek.com\\\/wp-content\\\/uploads\\\/2024\\\/05\\\/CzechSpaceWeek-logo-548px.png\",\"contentUrl\":\"https:\\\/\\\/www.czechspaceweek.com\\\/wp-content\\\/uploads\\\/2024\\\/05\\\/CzechSpaceWeek-logo-548px.png\",\"width\":548,\"height\":548,\"caption\":\"Czech Space Week\"},\"image\":{\"@id\":\"https:\\\/\\\/www.czechspaceweek.com\\\/#\\\/schema\\\/logo\\\/image\\\/\"}}]}<\/script>\n<!-- \/ Yoast SEO plugin. -->","yoast_head_json":{"title":"Space2Business - Day 2 - Czech Space Week","robots":{"index":"index","follow":"follow","max-snippet":"max-snippet:-1","max-image-preview":"max-image-preview:large","max-video-preview":"max-video-preview:-1"},"canonical":"https:\/\/www.czechspaceweek.com\/akce-czechspace\/s2b-2\/","og_locale":"en_US","og_type":"article","og_title":"Space2Business - Day 2 - Czech Space Week","og_description":"Registration Space2Business is the right place for your space business in the CEE region!This year&#8217;s edition will take place again in Prague, a city that is home not only to the European Union Space Programme Agency, but also to countless innovative companies and startups, cutting-edge programmes supporting technological innovation, research institutions and other entities looking&hellip;","og_url":"https:\/\/www.czechspaceweek.com\/akce-czechspace\/s2b-2\/","og_site_name":"Czech Space Week","article_modified_time":"2024-10-11T09:37:52+00:00","og_image":[{"width":1920,"height":1080,"url":"https:\/\/www.czechspaceweek.com\/wp-content\/uploads\/2024\/08\/S2B_1920x1080-1.jpg","type":"image\/jpeg"}],"twitter_card":"summary_large_image","twitter_misc":{"Est. reading time":"2 minutes"},"schema":{"@context":"https:\/\/schema.org","@graph":[{"@type":"WebPage","@id":"https:\/\/www.czechspaceweek.com\/akce-czechspace\/s2b-2\/","url":"https:\/\/www.czechspaceweek.com\/akce-czechspace\/s2b-2\/","name":"Space2Business - Day 2 - Czech Space Week","isPartOf":{"@id":"https:\/\/www.czechspaceweek.com\/#website"},"primaryImageOfPage":{"@id":"https:\/\/www.czechspaceweek.com\/akce-czechspace\/s2b-2\/#primaryimage"},"image":{"@id":"https:\/\/www.czechspaceweek.com\/akce-czechspace\/s2b-2\/#primaryimage"},"thumbnailUrl":"https:\/\/www.czechspaceweek.com\/wp-content\/uploads\/2024\/08\/S2B_1920x1080-1.jpg","datePublished":"2024-08-09T14:21:53+00:00","dateModified":"2024-10-11T09:37:52+00:00","breadcrumb":{"@id":"https:\/\/www.czechspaceweek.com\/akce-czechspace\/s2b-2\/#breadcrumb"},"inLanguage":"en-US","potentialAction":[{"@type":"ReadAction","target":["https:\/\/www.czechspaceweek.com\/akce-czechspace\/s2b-2\/"]}]},{"@type":"ImageObject","inLanguage":"en-US","@id":"https:\/\/www.czechspaceweek.com\/akce-czechspace\/s2b-2\/#primaryimage","url":"https:\/\/www.czechspaceweek.com\/wp-content\/uploads\/2024\/08\/S2B_1920x1080-1.jpg","contentUrl":"https:\/\/www.czechspaceweek.com\/wp-content\/uploads\/2024\/08\/S2B_1920x1080-1.jpg","width":1920,"height":1080},{"@type":"BreadcrumbList","@id":"https:\/\/www.czechspaceweek.com\/akce-czechspace\/s2b-2\/#breadcrumb","itemListElement":[{"@type":"ListItem","position":1,"name":"Dom\u016f","item":"https:\/\/www.czechspaceweek.com\/en\/"},{"@type":"ListItem","position":2,"name":"Events","item":"https:\/\/www.czechspaceweek.com\/en\/akce-czechspace\/"},{"@type":"ListItem","position":3,"name":"Space2Business &#8211; Day 2"}]},{"@type":"WebSite","@id":"https:\/\/www.czechspaceweek.com\/#website","url":"https:\/\/www.czechspaceweek.com\/","name":"Czech Space Week","description":"Czech Space Week p\u0159ipravuje Agentura CzechInvest a Ministerstvo dopravy \u010cR. Jedn\u00e1 se o nejv\u011bt\u0161\u00ed akci zam\u011b\u0159enou na kosmick\u00e9 aktivity v \u010cesku.","publisher":{"@id":"https:\/\/www.czechspaceweek.com\/#organization"},"potentialAction":[{"@type":"SearchAction","target":{"@type":"EntryPoint","urlTemplate":"https:\/\/www.czechspaceweek.com\/?s={search_term_string}"},"query-input":{"@type":"PropertyValueSpecification","valueRequired":true,"valueName":"search_term_string"}}],"inLanguage":"en-US"},{"@type":"Organization","@id":"https:\/\/www.czechspaceweek.com\/#organization","name":"Czech Space Week","url":"https:\/\/www.czechspaceweek.com\/","logo":{"@type":"ImageObject","inLanguage":"en-US","@id":"https:\/\/www.czechspaceweek.com\/#\/schema\/logo\/image\/","url":"https:\/\/www.czechspaceweek.com\/wp-content\/uploads\/2024\/05\/CzechSpaceWeek-logo-548px.png","contentUrl":"https:\/\/www.czechspaceweek.com\/wp-content\/uploads\/2024\/05\/CzechSpaceWeek-logo-548px.png","width":548,"height":548,"caption":"Czech Space Week"},"image":{"@id":"https:\/\/www.czechspaceweek.com\/#\/schema\/logo\/image\/"}}]}},"_links":{"self":[{"href":"https:\/\/www.czechspaceweek.com\/en\/wp-json\/wp\/v2\/mec-events\/88625","targetHints":{"allow":["GET"]}}],"collection":[{"href":"https:\/\/www.czechspaceweek.com\/en\/wp-json\/wp\/v2\/mec-events"}],"about":[{"href":"https:\/\/www.czechspaceweek.com\/en\/wp-json\/wp\/v2\/types\/mec-events"}],"author":[{"embeddable":true,"href":"https:\/\/www.czechspaceweek.com\/en\/wp-json\/wp\/v2\/users\/8"}],"replies":[{"embeddable":true,"href":"https:\/\/www.czechspaceweek.com\/en\/wp-json\/wp\/v2\/comments?post=88625"}],"version-history":[{"count":25,"href":"https:\/\/www.czechspaceweek.com\/en\/wp-json\/wp\/v2\/mec-events\/88625\/revisions"}],"predecessor-version":[{"id":89504,"href":"https:\/\/www.czechspaceweek.com\/en\/wp-json\/wp\/v2\/mec-events\/88625\/revisions\/89504"}],"wp:featuredmedia":[{"embeddable":true,"href":"https:\/\/www.czechspaceweek.com\/en\/wp-json\/wp\/v2\/media\/89023"}],"wp:attachment":[{"href":"https:\/\/www.czechspaceweek.com\/en\/wp-json\/wp\/v2\/media?parent=88625"}],"wp:term":[{"taxonomy":"post_tag","embeddable":true,"href":"https:\/\/www.czechspaceweek.com\/en\/wp-json\/wp\/v2\/tags?post=88625"},{"taxonomy":"mec_category","embeddable":true,"href":"https:\/\/www.czechspaceweek.com\/en\/wp-json\/wp\/v2\/mec_category?post=88625"}],"curies":[{"name":"wp","href":"https:\/\/api.w.org\/{rel}","templated":true}]}}